{"articles":[{"classes":["outercol"],"isFavourite":false,"isExternalUrl":{"articleLink":false},"articleListButtonsData":{"buttonsList":[{"label":"Les mer","url":"\/Aktuelt\/?Article=8956","type":"readmore"}],"mode":"default"},"favouriteType":null,"mnu":null,"section":null,"displayId":true,"docId":8956,"identifier":"8956Article","docType":"Article","customDate":false,"teaserData":{"teaserText":"","mode":"default"},"content":{"teaser":"","intro":"Vester\u00e5lsr\u00e5det har n\u00e5 sendt sitt h\u00f8ringssvar til Samferdselsdepartementet i forbindelse med h\u00f8ringen om det regionale flyrutetilbudet. I uttalelsen l\u00f8fter r\u00e5det fram hvor avgj\u00f8rende et stabilt, forutsigbart og tilgjengelig flytilbud er for Vester\u00e5len \u2013 b\u00e5de for innbyggere, n\u00e6ringsliv og viktige samfunnsfunksjoner."},"titles":{"main":"Vester\u00e5lsr\u00e5det har levert h\u00f8ringssvar om det regionale flyrutetilbudet","readMoreButton":"Les mer"},"urls":{"readMore":"\/Aktuelt\/?Article=8956","booking":null},"created":{"date":"19.12.2025","time":"12:34","timestamp":1766144040},"introAllowHtml":false,"hasTicket":false,"extra":null,"hasReadMore":true,"media":{"imageData":{"path":"\/sites\/v\/vestreg.no\/files\/2025\/12\/vesteraalsraadet-okt2025-web-13.jpg","width":2000,"height":1333,"aspectRatio":1.5003750937734435},"previewImageUrl":"\/sites\/v\/vestreg.no\/files\/2025\/12\/vesteraalsraadet-okt2025-web-13.jpg?cropToFit=100x59&quality=50","imageVariants":[{"path":"\/sites\/v\/vestreg.no\/files\/2025\/12\/vesteraalsraadet-okt2025-web-13.jpg?cropToFit=100x59&quality=75","width":100,"height":59,"aspectRatio":1.694915254237288},{"path":"\/sites\/v\/vestreg.no\/files\/2025\/12\/vesteraalsraadet-okt2025-web-13.jpg?cropToFit=200x118&quality=75","width":200,"height":118,"aspectRatio":1.694915254237288},{"path":"\/sites\/v\/vestreg.no\/files\/2025\/12\/vesteraalsraadet-okt2025-web-13.jpg?cropToFit=400x235&quality=75","width":400,"height":235,"aspectRatio":1.702127659574468},{"path":"\/sites\/v\/vestreg.no\/files\/2025\/12\/vesteraalsraadet-okt2025-web-13.jpg?cropToFit=600x353&quality=75","width":600,"height":353,"aspectRatio":1.6997167138810199},{"path":"\/sites\/v\/vestreg.no\/files\/2025\/12\/vesteraalsraadet-okt2025-web-13.jpg?cropToFit=800x471&quality=75","width":800,"height":471,"aspectRatio":1.6985138004246285},{"path":"\/sites\/v\/vestreg.no\/files\/2025\/12\/vesteraalsraadet-okt2025-web-13.jpg?cropToFit=1000x588&quality=75","width":1000,"height":588,"aspectRatio":1.7006802721088434},{"path":"\/sites\/v\/vestreg.no\/files\/2025\/12\/vesteraalsraadet-okt2025-web-13.jpg?cropToFit=1200x706&quality=75","width":1200,"height":706,"aspectRatio":1.6997167138810199}],"image":"\/sites\/v\/vestreg.no\/files\/2025\/12\/vesteraalsraadet-okt2025-web-13.jpg","aspect":1.694915254237288,"type":"image","description":null},"additionalData":[]},{"classes":["outercol"],"isFavourite":false,"isExternalUrl":{"articleLink":false},"articleListButtonsData":{"buttonsList":[{"label":"Les mer","url":"\/Aktuelt\/?Article=8946","type":"readmore"}],"mode":"default"},"favouriteType":null,"mnu":null,"section":null,"displayId":true,"docId":8946,"identifier":"8946Article","docType":"Article","customDate":false,"teaserData":{"teaserText":"Kronikk ","mode":"default"},"content":{"teaser":"Kronikk ","intro":"N\u00e5r vi n\u00e5 igjen st\u00e5r midt i en debatt om flytilbudet i Nord-Norge, er det ikke fordi vi \u00f8nsker oss mer st\u00f8y. Det er fordi den infrastrukturen som skulle binde landsdelen sammen, er i ferd med \u00e5 bli s\u00e5 svekket at det rokker ved grunnlaget for bosetting, n\u00e6ringsliv og helseberedskap i hele regionen.\r\n\r\nFor oss i Vester\u00e5len er dette ikke en teoretisk problemstilling. Det er hverdagen."},"titles":{"main":"Vester\u00e5len trenger mer enn fine ord \u2013 vi trenger et flytilbud som fungerer","readMoreButton":"Les mer"},"urls":{"readMore":"\/Aktuelt\/?Article=8946","booking":null},"created":{"date":"09.12.2025","time":"21:23","timestamp":1765311780},"introAllowHtml":false,"hasTicket":false,"extra":null,"hasReadMore":true,"media":{"imageData":{"path":"\/sites\/v\/vestreg.no\/files\/2024\/02\/fly.jpg","width":7952,"height":5304,"aspectRatio":1.4992458521870287},"previewImageUrl":"\/sites\/v\/vestreg.no\/files\/2024\/02\/fly.jpg?cropToFit=100x59&quality=50","imageVariants":[{"path":"\/sites\/v\/vestreg.no\/files\/2024\/02\/fly.jpg?cropToFit=100x59&quality=75","width":100,"height":59,"aspectRatio":1.694915254237288},{"path":"\/sites\/v\/vestreg.no\/files\/2024\/02\/fly.jpg?cropToFit=200x118&quality=75","width":200,"height":118,"aspectRatio":1.694915254237288},{"path":"\/sites\/v\/vestreg.no\/files\/2024\/02\/fly.jpg?cropToFit=400x235&quality=75","width":400,"height":235,"aspectRatio":1.702127659574468},{"path":"\/sites\/v\/vestreg.no\/files\/2024\/02\/fly.jpg?cropToFit=600x353&quality=75","width":600,"height":353,"aspectRatio":1.6997167138810199},{"path":"\/sites\/v\/vestreg.no\/files\/2024\/02\/fly.jpg?cropToFit=800x471&quality=75","width":800,"height":471,"aspectRatio":1.6985138004246285},{"path":"\/sites\/v\/vestreg.no\/files\/2024\/02\/fly.jpg?cropToFit=1000x588&quality=75","width":1000,"height":588,"aspectRatio":1.7006802721088434},{"path":"\/sites\/v\/vestreg.no\/files\/2024\/02\/fly.jpg?cropToFit=1200x706&quality=75","width":1200,"height":706,"aspectRatio":1.6997167138810199}],"image":"\/sites\/v\/vestreg.no\/files\/2024\/02\/fly.jpg","aspect":1.694915254237288,"type":"image","description":null},"additionalData":[]},{"classes":["outercol"],"isFavourite":false,"isExternalUrl":{"articleLink":false},"articleListButtonsData":{"buttonsList":[{"label":"Les mer","url":"\/Aktuelt\/?Article=8942","type":"readmore"}],"mode":"default"},"favouriteType":null,"mnu":null,"section":null,"displayId":true,"docId":8942,"identifier":"8942Article","docType":"Article","customDate":false,"teaserData":{"teaserText":"Kronikk ","mode":"default"},"content":{"teaser":"Kronikk ","intro":"Lofoten, Vester\u00e5len og H\u00e5logalandsomr\u00e5det er Nord-Norges tettest befolkede region. Vi er hjem for 120 000 mennesker, store n\u00e6ringsmilj\u00f8er og flere nasjonale beredskaps- og forsvarsfunksjoner. \r\n\r\nTil tross for dette har regionen opplevd \u00e5 f\u00e5 svakere prioritet i nasjonal infrastrukturutbygging. Det har vi sett innen samferdsel, havn og sykehus. N\u00e5 handler det ikke om fortidens fordeling, men om framtidens kapasitet. Denne gangen gjelder det str\u00f8mnettet og konsekvensen er alvorlig. Uten n\u00f8dvendig nettkapasitet risikerer vi en reell stans i all fremtidig utvikling i regionen. Samtidig har Nord-Norge gang p\u00e5 gang vist at vi evner \u00e5 skape vekst n\u00e5r infrastrukturen er p\u00e5 plass.  \r\n\r\nStr\u00f8mnettet en forutsetning for arbeidsplasser, bosetting, beredskap og verdiskaping. \r\n"},"titles":{"main":"En hel region p\u00e5 vent \u2013 forventer handling for kritisk infrastruktur ","readMoreButton":"Les mer"},"urls":{"readMore":"\/Aktuelt\/?Article=8942","booking":null},"created":{"date":"17.11.2025","time":"14:13","timestamp":1763385180},"introAllowHtml":false,"hasTicket":false,"extra":null,"hasReadMore":true,"media":{"imageData":{"path":"\/sites\/v\/vestreg.no\/files\/shutterstock_142643077.jpg","width":3888,"height":2592,"aspectRatio":1.5},"previewImageUrl":"\/sites\/v\/vestreg.no\/files\/shutterstock_142643077.jpg?cropToFit=100x59&quality=50","imageVariants":[{"path":"\/sites\/v\/vestreg.no\/files\/shutterstock_142643077.jpg?cropToFit=100x59&quality=75","width":100,"height":59,"aspectRatio":1.694915254237288},{"path":"\/sites\/v\/vestreg.no\/files\/shutterstock_142643077.jpg?cropToFit=200x118&quality=75","width":200,"height":118,"aspectRatio":1.694915254237288},{"path":"\/sites\/v\/vestreg.no\/files\/shutterstock_142643077.jpg?cropToFit=400x235&quality=75","width":400,"height":235,"aspectRatio":1.702127659574468},{"path":"\/sites\/v\/vestreg.no\/files\/shutterstock_142643077.jpg?cropToFit=600x353&quality=75","width":600,"height":353,"aspectRatio":1.6997167138810199},{"path":"\/sites\/v\/vestreg.no\/files\/shutterstock_142643077.jpg?cropToFit=800x471&quality=75","width":800,"height":471,"aspectRatio":1.6985138004246285},{"path":"\/sites\/v\/vestreg.no\/files\/shutterstock_142643077.jpg?cropToFit=1000x588&quality=75","width":1000,"height":588,"aspectRatio":1.7006802721088434},{"path":"\/sites\/v\/vestreg.no\/files\/shutterstock_142643077.jpg?cropToFit=1200x706&quality=75","width":1200,"height":706,"aspectRatio":1.6997167138810199}],"image":"\/sites\/v\/vestreg.no\/files\/shutterstock_142643077.jpg","aspect":1.694915254237288,"type":"image","description":null},"additionalData":[]},{"classes":["outercol"],"isFavourite":false,"isExternalUrl":{"articleLink":false},"articleListButtonsData":{"buttonsList":[{"label":"Les mer","url":"\/Aktuelt\/?Article=8931","type":"readmore"}],"mode":"default"},"favouriteType":null,"mnu":null,"section":null,"displayId":true,"docId":8931,"identifier":"8931Article","docType":"Article","customDate":false,"teaserData":{"teaserText":"Pressemelding","mode":"default"},"content":{"teaser":"Pressemelding","intro":"Lofotr\u00e5det, Vester\u00e5lsr\u00e5det og H\u00e5logalandsr\u00e5det leverte denne uken en felles h\u00f8ringsuttalelse til Energidepartementet om Statnetts konseptvalgutredning (KVU) for transmisjonsnettet (420 kV-linje) i Lofoten, Vester\u00e5len og Harstad.\r\nRegionr\u00e5dene representerer til sammen 120 000 innbyggere i Nord-Norges mest folkerike omr\u00e5der. N\u00e5 advarer de mot at Statnetts forslag inneb\u00e6rer \u00abfor lite, for sent\u00bb \u2013 og kan sette n\u00e6ringsutvikling, bosetting, beredskap og energiomstilling p\u00e5 vent i flere ti\u00e5r framover.\r\n"},"titles":{"main":"Regionr\u00e5dene i Lofoten, Vester\u00e5len og Harstad med felles krav: \u2013 Statnetts l\u00f8sning for kraftnet","readMoreButton":"Les mer"},"urls":{"readMore":"\/Aktuelt\/?Article=8931","booking":null},"created":{"date":"16.09.2025","time":"11:14","timestamp":1758014040},"introAllowHtml":false,"hasTicket":false,"extra":null,"hasReadMore":true,"media":{"imageData":{"path":"\/sites\/v\/vestreg.no\/files\/2025\/09\/regionsra__dsm__teloveha__2025sortland-11a__002_.jpg","width":4232,"height":2161,"aspectRatio":1.95835261453031},"previewImageUrl":"\/sites\/v\/vestreg.no\/files\/2025\/09\/regionsra__dsm__teloveha__2025sortland-11a__002_.jpg?cropToFit=100x59&quality=50","imageVariants":[{"path":"\/sites\/v\/vestreg.no\/files\/2025\/09\/regionsra__dsm__teloveha__2025sortland-11a__002_.jpg?cropToFit=100x59&quality=75","width":100,"height":59,"aspectRatio":1.694915254237288},{"path":"\/sites\/v\/vestreg.no\/files\/2025\/09\/regionsra__dsm__teloveha__2025sortland-11a__002_.jpg?cropToFit=200x118&quality=75","width":200,"height":118,"aspectRatio":1.694915254237288},{"path":"\/sites\/v\/vestreg.no\/files\/2025\/09\/regionsra__dsm__teloveha__2025sortland-11a__002_.jpg?cropToFit=400x235&quality=75","width":400,"height":235,"aspectRatio":1.702127659574468},{"path":"\/sites\/v\/vestreg.no\/files\/2025\/09\/regionsra__dsm__teloveha__2025sortland-11a__002_.jpg?cropToFit=600x353&quality=75","width":600,"height":353,"aspectRatio":1.6997167138810199},{"path":"\/sites\/v\/vestreg.no\/files\/2025\/09\/regionsra__dsm__teloveha__2025sortland-11a__002_.jpg?cropToFit=800x471&quality=75","width":800,"height":471,"aspectRatio":1.6985138004246285},{"path":"\/sites\/v\/vestreg.no\/files\/2025\/09\/regionsra__dsm__teloveha__2025sortland-11a__002_.jpg?cropToFit=1000x588&quality=75","width":1000,"height":588,"aspectRatio":1.7006802721088434},{"path":"\/sites\/v\/vestreg.no\/files\/2025\/09\/regionsra__dsm__teloveha__2025sortland-11a__002_.jpg?cropToFit=1200x706&quality=75","width":1200,"height":706,"aspectRatio":1.6997167138810199}],"image":"\/sites\/v\/vestreg.no\/files\/2025\/09\/regionsra__dsm__teloveha__2025sortland-11a__002_.jpg","aspect":1.694915254237288,"type":"image","description":null},"additionalData":[]},{"classes":["outercol"],"isFavourite":false,"isExternalUrl":{"articleLink":false},"articleListButtonsData":{"buttonsList":[{"label":"Les mer","url":"\/Aktuelt\/?Article=8927","type":"readmore"}],"mode":"default"},"favouriteType":null,"mnu":null,"section":null,"displayId":true,"docId":8927,"identifier":"8927Article","docType":"Article","customDate":false,"teaserData":{"teaserText":"Uttalelse","mode":"default"},"content":{"teaser":"Uttalelse","intro":"Regjeringen m\u00e5 gi Statnett klar beskjed om at det er bare \u00e9n l\u00f8sning som er god nok for n\u00e6ringsliv, samfunnssikkerhet og totalforsvaret i Harstad, Lofoten og Vester\u00e5len. "},"titles":{"main":"Det m\u00e5 bygges 420kV-linje til Lofoten og Vester\u00e5len, og det m\u00e5 skje n\u00e5","readMoreButton":"Les mer"},"urls":{"readMore":"\/Aktuelt\/?Article=8927","booking":null},"created":{"date":"02.09.2025","time":"10:08","timestamp":1756800480},"introAllowHtml":false,"hasTicket":false,"extra":null,"hasReadMore":true,"media":{"imageData":{"path":"\/sites\/v\/vestreg.no\/files\/2025\/02\/skjermbilde_2025-01-29_125145.png","width":1074,"height":653,"aspectRatio":1.6447166921898928},"previewImageUrl":"\/sites\/v\/vestreg.no\/files\/2025\/02\/skjermbilde_2025-01-29_125145.png?cropToFit=100x59&quality=50","imageVariants":[{"path":"\/sites\/v\/vestreg.no\/files\/2025\/02\/skjermbilde_2025-01-29_125145.png?cropToFit=100x59&quality=75","width":100,"height":59,"aspectRatio":1.694915254237288},{"path":"\/sites\/v\/vestreg.no\/files\/2025\/02\/skjermbilde_2025-01-29_125145.png?cropToFit=200x118&quality=75","width":200,"height":118,"aspectRatio":1.694915254237288},{"path":"\/sites\/v\/vestreg.no\/files\/2025\/02\/skjermbilde_2025-01-29_125145.png?cropToFit=400x235&quality=75","width":400,"height":235,"aspectRatio":1.702127659574468},{"path":"\/sites\/v\/vestreg.no\/files\/2025\/02\/skjermbilde_2025-01-29_125145.png?cropToFit=600x353&quality=75","width":600,"height":353,"aspectRatio":1.6997167138810199},{"path":"\/sites\/v\/vestreg.no\/files\/2025\/02\/skjermbilde_2025-01-29_125145.png?cropToFit=800x471&quality=75","width":800,"height":471,"aspectRatio":1.6985138004246285},{"path":"\/sites\/v\/vestreg.no\/files\/2025\/02\/skjermbilde_2025-01-29_125145.png?cropToFit=1000x588&quality=75","width":1000,"height":588,"aspectRatio":1.7006802721088434},{"path":"\/sites\/v\/vestreg.no\/files\/2025\/02\/skjermbilde_2025-01-29_125145.png?cropToFit=1200x706&quality=75","width":1074,"height":632,"aspectRatio":1.6993670886075949}],"image":"\/sites\/v\/vestreg.no\/files\/2025\/02\/skjermbilde_2025-01-29_125145.png","aspect":1.694915254237288,"type":"image","description":null},"additionalData":[]},{"classes":["outercol"],"isFavourite":false,"isExternalUrl":{"articleLink":false},"articleListButtonsData":{"buttonsList":[{"label":"Les mer","url":"\/Aktuelt\/?Article=8923","type":"readmore"}],"mode":"default"},"favouriteType":null,"mnu":null,"section":null,"displayId":true,"docId":8923,"identifier":"8923Article","docType":"Article","customDate":false,"teaserData":{"teaserText":"Uttalelse","mode":"default"},"content":{"teaser":"Uttalelse","intro":"Vester\u00e5lsr\u00e5det krever at regjeringen griper inn og viser vei.\r\n\r\n"},"titles":{"main":"Ali Halmas m\u00e5 f\u00e5 bli i Norge","readMoreButton":"Les mer"},"urls":{"readMore":"\/Aktuelt\/?Article=8923","booking":null},"created":{"date":"27.08.2025","time":"08:35","timestamp":1756276500},"introAllowHtml":false,"hasTicket":false,"extra":null,"hasReadMore":true,"media":{"contexts":[],"previewImageUrl":"","imageVariants":[],"image":null,"aspect":null,"type":"image","description":""},"additionalData":[]},{"classes":["outercol"],"isFavourite":false,"isExternalUrl":{"articleLink":false},"articleListButtonsData":{"buttonsList":[{"label":"Les mer","url":"\/Aktuelt\/?Article=8911","type":"readmore"}],"mode":"default"},"favouriteType":null,"mnu":null,"section":null,"displayId":true,"docId":8911,"identifier":"8911Article","docType":"Article","customDate":false,"teaserData":{"teaserText":"Uttalelse","mode":"default"},"content":{"teaser":"Uttalelse","intro":"Vester\u00e5len interkommunale politiske r\u00e5d viser til Handlingsplan for b\u00e6rekraftig reisem\u00e5lsutvikling 2023, der det sl\u00e5s fast at reisem\u00e5let skal arbeide for \u00e5 etablere en felles destinasjonsledelse med klare mandater. Planen fastsetter at ansvaret for dette arbeidet ligger hos Vester\u00e5lsr\u00e5det og de deltakende kommunene, med Visit\u202fVester\u00e5len som medvirkende akt\u00f8r."},"titles":{"main":"Vester\u00e5len samler kreftene for b\u00e6rekraftig reiseliv","readMoreButton":"Les mer"},"urls":{"readMore":"\/Aktuelt\/?Article=8911","booking":null},"created":{"date":"12.08.2025","time":"12:58","timestamp":1754996280},"introAllowHtml":false,"hasTicket":false,"extra":null,"hasReadMore":true,"media":{"imageData":{"path":"\/sites\/v\/vestreg.no\/files\/pressebilde_the_whale_.jpeg","width":1600,"height":900,"aspectRatio":1.7777777777777777},"previewImageUrl":"\/sites\/v\/vestreg.no\/files\/pressebilde_the_whale_.jpeg?cropToFit=100x59&quality=50","imageVariants":[{"path":"\/sites\/v\/vestreg.no\/files\/pressebilde_the_whale_.jpeg?cropToFit=100x59&quality=75","width":100,"height":59,"aspectRatio":1.694915254237288},{"path":"\/sites\/v\/vestreg.no\/files\/pressebilde_the_whale_.jpeg?cropToFit=200x118&quality=75","width":200,"height":118,"aspectRatio":1.694915254237288},{"path":"\/sites\/v\/vestreg.no\/files\/pressebilde_the_whale_.jpeg?cropToFit=400x235&quality=75","width":400,"height":235,"aspectRatio":1.702127659574468},{"path":"\/sites\/v\/vestreg.no\/files\/pressebilde_the_whale_.jpeg?cropToFit=600x353&quality=75","width":600,"height":353,"aspectRatio":1.6997167138810199},{"path":"\/sites\/v\/vestreg.no\/files\/pressebilde_the_whale_.jpeg?cropToFit=800x471&quality=75","width":800,"height":471,"aspectRatio":1.6985138004246285},{"path":"\/sites\/v\/vestreg.no\/files\/pressebilde_the_whale_.jpeg?cropToFit=1000x588&quality=75","width":1000,"height":588,"aspectRatio":1.7006802721088434},{"path":"\/sites\/v\/vestreg.no\/files\/pressebilde_the_whale_.jpeg?cropToFit=1200x706&quality=75","width":1200,"height":706,"aspectRatio":1.6997167138810199}],"image":"\/sites\/v\/vestreg.no\/files\/pressebilde_the_whale_.jpeg","aspect":1.694915254237288,"type":"image","description":null},"additionalData":[]},{"classes":["outercol"],"isFavourite":false,"isExternalUrl":{"articleLink":false},"articleListButtonsData":{"buttonsList":[{"label":"Les mer","url":"\/Aktuelt\/?Article=800","type":"readmore"}],"mode":"default"},"favouriteType":null,"mnu":null,"section":null,"displayId":true,"docId":800,"identifier":"800Article","docType":"Article","customDate":false,"teaserData":{"teaserText":"","mode":"default"},"content":{"teaser":"","intro":"Fredag 6. juni m\u00f8ttes styret i Vester\u00e5lsr\u00e5det, representanter fra politiet og fylkesr\u00e5dene Aina Nilsen og Joakim Sennesvik for \u00e5 dr\u00f8fte muligheten for \u00e5 etablere Felles Ansvar Vester\u00e5len \u2013 et tverrfaglig samarbeid for \u00e5 styrke det forebyggende arbeidet for ungdom i risikosonen."},"titles":{"main":"Vil styrke innsatsen for ungdom ","readMoreButton":"Les mer"},"urls":{"readMore":"\/Aktuelt\/?Article=800","booking":null},"created":{"date":"13.06.2025","time":"20:59","timestamp":1749841140},"introAllowHtml":false,"hasTicket":false,"extra":null,"hasReadMore":true,"media":{"imageData":{"path":"\/sites\/v\/vestreg.no\/files\/2025\/06\/img_0279.jpg","width":3391,"height":2347,"aspectRatio":1.4448231785257777},"previewImageUrl":"\/sites\/v\/vestreg.no\/files\/2025\/06\/img_0279.jpg?cropToFit=100x59&quality=50","imageVariants":[{"path":"\/sites\/v\/vestreg.no\/files\/2025\/06\/img_0279.jpg?cropToFit=100x59&quality=75","width":100,"height":59,"aspectRatio":1.694915254237288},{"path":"\/sites\/v\/vestreg.no\/files\/2025\/06\/img_0279.jpg?cropToFit=200x118&quality=75","width":200,"height":118,"aspectRatio":1.694915254237288},{"path":"\/sites\/v\/vestreg.no\/files\/2025\/06\/img_0279.jpg?cropToFit=400x235&quality=75","width":400,"height":235,"aspectRatio":1.702127659574468},{"path":"\/sites\/v\/vestreg.no\/files\/2025\/06\/img_0279.jpg?cropToFit=600x353&quality=75","width":600,"height":353,"aspectRatio":1.6997167138810199},{"path":"\/sites\/v\/vestreg.no\/files\/2025\/06\/img_0279.jpg?cropToFit=800x471&quality=75","width":800,"height":471,"aspectRatio":1.6985138004246285},{"path":"\/sites\/v\/vestreg.no\/files\/2025\/06\/img_0279.jpg?cropToFit=1000x588&quality=75","width":1000,"height":588,"aspectRatio":1.7006802721088434},{"path":"\/sites\/v\/vestreg.no\/files\/2025\/06\/img_0279.jpg?cropToFit=1200x706&quality=75","width":1200,"height":706,"aspectRatio":1.6997167138810199}],"image":"\/sites\/v\/vestreg.no\/files\/2025\/06\/img_0279.jpg","aspect":1.694915254237288,"type":"image","description":"Fra venstre: Aina Nilsen, Tor H\u00e5vard Bentzen, Kjell Are Johansen, Elisabeth S\u00f8rdahl, Grete Ellings"},"additionalData":[]},{"classes":["outercol"],"isFavourite":false,"isExternalUrl":{"articleLink":false},"articleListButtonsData":{"buttonsList":[{"label":"Les mer","url":"\/Aktuelt\/?Article=797","type":"readmore"}],"mode":"default"},"favouriteType":null,"mnu":null,"section":null,"displayId":true,"docId":797,"identifier":"797Article","docType":"Article","customDate":false,"teaserData":{"teaserText":"Uttalelse","mode":"default"},"content":{"teaser":"Uttalelse","intro":"De interkommunale politiske r\u00e5dene Lofotr\u00e5det, Vester\u00e5lsr\u00e5det og H\u00e5logalandsr\u00e5det representerer 19 kommuner og 117 000 innbyggere, som utgj\u00f8r 25 % av Nord-Norges samlede befolkning. Midtre H\u00e5logaland er et tyngdepunkt i nord, med \u00f8kende betydning som ressursomr\u00e5de for nasjonens verdiskaping og eksport, sikkerhet og sivile\/milit\u00e6re beredskap."},"titles":{"main":"Nett for trygghet og verdiskaping i Midtre H\u00e5logaland ","readMoreButton":"Les mer"},"urls":{"readMore":"\/Aktuelt\/?Article=797","booking":null},"created":{"date":"04.02.2025","time":"11:30","timestamp":1738665000},"introAllowHtml":false,"hasTicket":false,"extra":null,"hasReadMore":true,"media":{"imageData":{"path":"\/sites\/v\/vestreg.no\/files\/2025\/02\/regionsr__dsm__teloveh__2025sortland-11b.jpg","width":4232,"height":2161,"aspectRatio":1.95835261453031},"previewImageUrl":"\/sites\/v\/vestreg.no\/files\/2025\/02\/regionsr__dsm__teloveh__2025sortland-11b.jpg?cropToFit=100x59&quality=50","imageVariants":[{"path":"\/sites\/v\/vestreg.no\/files\/2025\/02\/regionsr__dsm__teloveh__2025sortland-11b.jpg?cropToFit=100x59&quality=75","width":100,"height":59,"aspectRatio":1.694915254237288},{"path":"\/sites\/v\/vestreg.no\/files\/2025\/02\/regionsr__dsm__teloveh__2025sortland-11b.jpg?cropToFit=200x118&quality=75","width":200,"height":118,"aspectRatio":1.694915254237288},{"path":"\/sites\/v\/vestreg.no\/files\/2025\/02\/regionsr__dsm__teloveh__2025sortland-11b.jpg?cropToFit=400x235&quality=75","width":400,"height":235,"aspectRatio":1.702127659574468},{"path":"\/sites\/v\/vestreg.no\/files\/2025\/02\/regionsr__dsm__teloveh__2025sortland-11b.jpg?cropToFit=600x353&quality=75","width":600,"height":353,"aspectRatio":1.6997167138810199},{"path":"\/sites\/v\/vestreg.no\/files\/2025\/02\/regionsr__dsm__teloveh__2025sortland-11b.jpg?cropToFit=800x471&quality=75","width":800,"height":471,"aspectRatio":1.6985138004246285},{"path":"\/sites\/v\/vestreg.no\/files\/2025\/02\/regionsr__dsm__teloveh__2025sortland-11b.jpg?cropToFit=1000x588&quality=75","width":1000,"height":588,"aspectRatio":1.7006802721088434},{"path":"\/sites\/v\/vestreg.no\/files\/2025\/02\/regionsr__dsm__teloveh__2025sortland-11b.jpg?cropToFit=1200x706&quality=75","width":1200,"height":706,"aspectRatio":1.6997167138810199}],"image":"\/sites\/v\/vestreg.no\/files\/2025\/02\/regionsr__dsm__teloveh__2025sortland-11b.jpg","aspect":1.694915254237288,"type":"image","description":null},"additionalData":[]},{"classes":["outercol"],"isFavourite":false,"isExternalUrl":{"articleLink":false},"articleListButtonsData":{"buttonsList":[{"label":"Les mer","url":"\/Aktuelt\/?Article=791","type":"readmore"}],"mode":"default"},"favouriteType":null,"mnu":null,"section":null,"displayId":true,"docId":791,"identifier":"791Article","docType":"Article","customDate":false,"teaserData":{"teaserText":"","mode":"default"},"content":{"teaser":"","intro":"En ny rapport bestilt av H\u00e5loglandsr\u00e5det, Vester\u00e5lsr\u00e5det og Lofotr\u00e5det gir et omfattende innblikk i energisituasjonen i 19 kommuner i Midtre H\u00e5logaland."},"titles":{"main":"Mulighetsstudie: Energiframtiden i H\u00e5logaland, Vester\u00e5len og Lofoten","readMoreButton":"Les mer"},"urls":{"readMore":"\/Aktuelt\/?Article=791","booking":null},"created":{"date":"03.02.2025","time":"12:32","timestamp":1738582320},"introAllowHtml":false,"hasTicket":false,"extra":null,"hasReadMore":true,"media":{"imageData":{"path":"\/sites\/v\/vestreg.no\/files\/2025\/02\/Mulighetsstudiebilder_1.21.1_1.JPG","width":3100,"height":2118,"aspectRatio":1.4636449480642115},"previewImageUrl":"\/sites\/v\/vestreg.no\/files\/2025\/02\/Mulighetsstudiebilder_1.21.1_1.JPG?cropToFit=100x59&quality=50","imageVariants":[{"path":"\/sites\/v\/vestreg.no\/files\/2025\/02\/Mulighetsstudiebilder_1.21.1_1.JPG?cropToFit=100x59&quality=75","width":100,"height":59,"aspectRatio":1.694915254237288},{"path":"\/sites\/v\/vestreg.no\/files\/2025\/02\/Mulighetsstudiebilder_1.21.1_1.JPG?cropToFit=200x118&quality=75","width":200,"height":118,"aspectRatio":1.694915254237288},{"path":"\/sites\/v\/vestreg.no\/files\/2025\/02\/Mulighetsstudiebilder_1.21.1_1.JPG?cropToFit=400x235&quality=75","width":400,"height":235,"aspectRatio":1.702127659574468},{"path":"\/sites\/v\/vestreg.no\/files\/2025\/02\/Mulighetsstudiebilder_1.21.1_1.JPG?cropToFit=600x353&quality=75","width":600,"height":353,"aspectRatio":1.6997167138810199},{"path":"\/sites\/v\/vestreg.no\/files\/2025\/02\/Mulighetsstudiebilder_1.21.1_1.JPG?cropToFit=800x471&quality=75","width":800,"height":471,"aspectRatio":1.6985138004246285},{"path":"\/sites\/v\/vestreg.no\/files\/2025\/02\/Mulighetsstudiebilder_1.21.1_1.JPG?cropToFit=1000x588&quality=75","width":1000,"height":588,"aspectRatio":1.7006802721088434},{"path":"\/sites\/v\/vestreg.no\/files\/2025\/02\/Mulighetsstudiebilder_1.21.1_1.JPG?cropToFit=1200x706&quality=75","width":1200,"height":706,"aspectRatio":1.6997167138810199}],"image":"\/sites\/v\/vestreg.no\/files\/2025\/02\/Mulighetsstudiebilder_1.21.1_1.JPG","aspect":1.694915254237288,"type":"image","description":null},"additionalData":[]},{"classes":["outercol"],"isFavourite":false,"isExternalUrl":{"articleLink":false},"articleListButtonsData":{"buttonsList":[{"label":"Les mer","url":"\/Aktuelt\/?Article=786","type":"readmore"}],"mode":"default"},"favouriteType":null,"mnu":null,"section":null,"displayId":true,"docId":786,"identifier":"786Article","docType":"Article","customDate":false,"teaserData":{"teaserText":"H\u00f8ringsinnspill ","mode":"default"},"content":{"teaser":"H\u00f8ringsinnspill ","intro":"Vester\u00e5lsr\u00e5det har levert et h\u00f8ringsinnspill til regjeringens forslag om en ny lov om bes\u00f8ksbidrag. Innspillet fremhever behovet for en mer treffsikker og b\u00e6rekraftig ordning som inkluderer flere typer reiseliv og oppfordrer til bedre samarbeid mellom kommunene i Vester\u00e5len. Forslaget ses som et viktig steg for \u00e5 m\u00f8te utfordringene knyttet til \u00f8kt turisme i regionen."},"titles":{"main":"H\u00f8ringsinnspill om forslag til lov om bes\u00f8ksbidrag ","readMoreButton":"Les mer"},"urls":{"readMore":"\/Aktuelt\/?Article=786","booking":null},"created":{"date":"03.01.2025","time":"10:13","timestamp":1735895580},"introAllowHtml":false,"hasTicket":false,"extra":null,"hasReadMore":true,"media":{"imageData":{"path":"\/sites\/v\/vestreg.no\/files\/eide_1259.jpg","width":3500,"height":2337,"aspectRatio":1.4976465554129226},"previewImageUrl":"\/sites\/v\/vestreg.no\/files\/eide_1259.jpg?cropToFit=100x59&quality=50","imageVariants":[{"path":"\/sites\/v\/vestreg.no\/files\/eide_1259.jpg?cropToFit=100x59&quality=75","width":100,"height":59,"aspectRatio":1.694915254237288},{"path":"\/sites\/v\/vestreg.no\/files\/eide_1259.jpg?cropToFit=200x118&quality=75","width":200,"height":118,"aspectRatio":1.694915254237288},{"path":"\/sites\/v\/vestreg.no\/files\/eide_1259.jpg?cropToFit=400x235&quality=75","width":400,"height":235,"aspectRatio":1.702127659574468},{"path":"\/sites\/v\/vestreg.no\/files\/eide_1259.jpg?cropToFit=600x353&quality=75","width":600,"height":353,"aspectRatio":1.6997167138810199},{"path":"\/sites\/v\/vestreg.no\/files\/eide_1259.jpg?cropToFit=800x471&quality=75","width":800,"height":471,"aspectRatio":1.6985138004246285},{"path":"\/sites\/v\/vestreg.no\/files\/eide_1259.jpg?cropToFit=1000x588&quality=75","width":1000,"height":588,"aspectRatio":1.7006802721088434},{"path":"\/sites\/v\/vestreg.no\/files\/eide_1259.jpg?cropToFit=1200x706&quality=75","width":1200,"height":706,"aspectRatio":1.6997167138810199}],"image":"\/sites\/v\/vestreg.no\/files\/eide_1259.jpg","aspect":1.694915254237288,"type":"image","description":null},"additionalData":[]},{"classes":["outercol"],"isFavourite":false,"isExternalUrl":{"articleLink":false},"articleListButtonsData":{"buttonsList":[{"label":"Les mer","url":"\/Aktuelt\/?Article=782","type":"readmore"}],"mode":"default"},"favouriteType":null,"mnu":null,"section":null,"displayId":true,"docId":782,"identifier":"782Article","docType":"Article","customDate":false,"teaserData":{"teaserText":"Uttalelse","mode":"default"},"content":{"teaser":"Uttalelse","intro":"Vester\u00e5lsr\u00e5det er bekymret over fylkesr\u00e5dets planer om \u00e5 legge ned bussterminalen p\u00e5 Sortland. Dette er ikke bare en lokal nedleggelse \u2013 men en betydelig svekkelse av infrastrukturen for transport i hele regionen."},"titles":{"main":"Bussterminalen er Vester\u00e5lens kollektivknutepunkt p\u00e5 Sortland og m\u00e5 best\u00e5","readMoreButton":"Les mer"},"urls":{"readMore":"\/Aktuelt\/?Article=782","booking":null},"created":{"date":"03.12.2024","time":"15:04","timestamp":1733234640},"introAllowHtml":false,"hasTicket":false,"extra":null,"hasReadMore":true,"media":{"imageData":{"path":"\/sites\/v\/vestreg.no\/files\/2024\/12\/skjermbilde_2024-12-03_151126.png","width":1575,"height":708,"aspectRatio":2.2245762711864407},"previewImageUrl":"\/sites\/v\/vestreg.no\/files\/2024\/12\/skjermbilde_2024-12-03_151126.png?cropToFit=100x59&quality=50","imageVariants":[{"path":"\/sites\/v\/vestreg.no\/files\/2024\/12\/skjermbilde_2024-12-03_151126.png?cropToFit=100x59&quality=75","width":100,"height":59,"aspectRatio":1.694915254237288},{"path":"\/sites\/v\/vestreg.no\/files\/2024\/12\/skjermbilde_2024-12-03_151126.png?cropToFit=200x118&quality=75","width":200,"height":118,"aspectRatio":1.694915254237288},{"path":"\/sites\/v\/vestreg.no\/files\/2024\/12\/skjermbilde_2024-12-03_151126.png?cropToFit=400x235&quality=75","width":400,"height":235,"aspectRatio":1.702127659574468},{"path":"\/sites\/v\/vestreg.no\/files\/2024\/12\/skjermbilde_2024-12-03_151126.png?cropToFit=600x353&quality=75","width":600,"height":353,"aspectRatio":1.6997167138810199},{"path":"\/sites\/v\/vestreg.no\/files\/2024\/12\/skjermbilde_2024-12-03_151126.png?cropToFit=800x471&quality=75","width":800,"height":471,"aspectRatio":1.6985138004246285},{"path":"\/sites\/v\/vestreg.no\/files\/2024\/12\/skjermbilde_2024-12-03_151126.png?cropToFit=1000x588&quality=75","width":1000,"height":588,"aspectRatio":1.7006802721088434},{"path":"\/sites\/v\/vestreg.no\/files\/2024\/12\/skjermbilde_2024-12-03_151126.png?cropToFit=1200x706&quality=75","width":1200,"height":706,"aspectRatio":1.6997167138810199}],"image":"\/sites\/v\/vestreg.no\/files\/2024\/12\/skjermbilde_2024-12-03_151126.png","aspect":1.694915254237288,"type":"image","description":null},"additionalData":[]},{"classes":["outercol"],"isFavourite":false,"isExternalUrl":{"articleLink":false},"articleListButtonsData":{"buttonsList":[{"label":"Les mer","url":"\/Aktuelt\/?Article=780","type":"readmore"}],"mode":"default"},"favouriteType":null,"mnu":null,"section":null,"displayId":true,"docId":780,"identifier":"780Article","docType":"Article","customDate":false,"teaserData":{"teaserText":"Stillingsutlysning","mode":"default"},"content":{"teaser":"Stillingsutlysning","intro":"Kommunene i Vester\u00e5len er innvilget skj\u00f8nnsmidler fra Statsforvalteren i Nordland til \u00e5 ansette en regional ungdomskoordinator i 50 % midlertidig prosjektstilling. Prosjektmidlene innvilges en gang i \u00e5ret, og vi lyser derfor ut stillingen som ei prosjektstilling med varighet p\u00e5 6 m\u00e5neder i f\u00f8rste omgang. Vi ser det som sannsynlig at stillingen videref\u00f8res til ut 2026."},"titles":{"main":"Vester\u00e5lsr\u00e5det s\u00f8ker regional ungdomskoordinator ","readMoreButton":"Les mer"},"urls":{"readMore":"\/Aktuelt\/?Article=780","booking":null},"created":{"date":"06.08.2024","time":"15:02","timestamp":1722949320},"introAllowHtml":false,"hasTicket":false,"extra":null,"hasReadMore":true,"media":{"imageData":{"path":"\/sites\/v\/vestreg.no\/files\/2024\/08\/kristine_teigen_og_daniel_knudsen.jpg","width":1000,"height":667,"aspectRatio":1.4992503748125936},"previewImageUrl":"\/sites\/v\/vestreg.no\/files\/2024\/08\/kristine_teigen_og_daniel_knudsen.jpg?cropToFit=100x59&quality=50","imageVariants":[{"path":"\/sites\/v\/vestreg.no\/files\/2024\/08\/kristine_teigen_og_daniel_knudsen.jpg?cropToFit=100x59&quality=75","width":100,"height":59,"aspectRatio":1.694915254237288},{"path":"\/sites\/v\/vestreg.no\/files\/2024\/08\/kristine_teigen_og_daniel_knudsen.jpg?cropToFit=200x118&quality=75","width":200,"height":118,"aspectRatio":1.694915254237288},{"path":"\/sites\/v\/vestreg.no\/files\/2024\/08\/kristine_teigen_og_daniel_knudsen.jpg?cropToFit=400x235&quality=75","width":400,"height":235,"aspectRatio":1.702127659574468},{"path":"\/sites\/v\/vestreg.no\/files\/2024\/08\/kristine_teigen_og_daniel_knudsen.jpg?cropToFit=600x353&quality=75","width":600,"height":353,"aspectRatio":1.6997167138810199},{"path":"\/sites\/v\/vestreg.no\/files\/2024\/08\/kristine_teigen_og_daniel_knudsen.jpg?cropToFit=800x471&quality=75","width":800,"height":471,"aspectRatio":1.6985138004246285},{"path":"\/sites\/v\/vestreg.no\/files\/2024\/08\/kristine_teigen_og_daniel_knudsen.jpg?cropToFit=1000x588&quality=75","width":1000,"height":588,"aspectRatio":1.7006802721088434},{"path":"\/sites\/v\/vestreg.no\/files\/2024\/08\/kristine_teigen_og_daniel_knudsen.jpg?cropToFit=1200x706&quality=75","width":1000,"height":588,"aspectRatio":1.7006802721088434}],"image":"\/sites\/v\/vestreg.no\/files\/2024\/08\/kristine_teigen_og_daniel_knudsen.jpg","aspect":1.694915254237288,"type":"image","description":null},"additionalData":[]},{"classes":["outercol"],"isFavourite":false,"isExternalUrl":{"articleLink":false},"articleListButtonsData":{"buttonsList":[{"label":"Les mer","url":"\/Aktuelt\/?Article=775","type":"readmore"}],"mode":"default"},"favouriteType":null,"mnu":null,"section":null,"displayId":true,"docId":775,"identifier":"775Article","docType":"Article","customDate":false,"teaserData":{"teaserText":"","mode":"default"},"content":{"teaser":"","intro":"Nedleggelsene av psykiatriske d\u00f8gnplasser i Vester\u00e5len ber\u00f8rer 52 000 innbyggere i Vester\u00e5len og Lofoten. N\u00e5 lanseres Folkets nei i filmform."},"titles":{"main":"Dette kan Vestre stoppe. Hvis han vil.","readMoreButton":"Les mer"},"urls":{"readMore":"\/Aktuelt\/?Article=775","booking":null},"created":{"date":"24.05.2024","time":"08:52","timestamp":1716533520},"introAllowHtml":false,"hasTicket":false,"extra":null,"hasReadMore":true,"media":{"imageData":{"path":"\/sites\/v\/vestreg.no\/files\/2024\/05\/pressebilde_folkets_nei.jpg","width":1280,"height":860,"aspectRatio":1.4883720930232558},"previewImageUrl":"\/sites\/v\/vestreg.no\/files\/2024\/05\/pressebilde_folkets_nei.jpg?cropToFit=100x59&quality=50","imageVariants":[{"path":"\/sites\/v\/vestreg.no\/files\/2024\/05\/pressebilde_folkets_nei.jpg?cropToFit=100x59&quality=75","width":100,"height":59,"aspectRatio":1.694915254237288},{"path":"\/sites\/v\/vestreg.no\/files\/2024\/05\/pressebilde_folkets_nei.jpg?cropToFit=200x118&quality=75","width":200,"height":118,"aspectRatio":1.694915254237288},{"path":"\/sites\/v\/vestreg.no\/files\/2024\/05\/pressebilde_folkets_nei.jpg?cropToFit=400x235&quality=75","width":400,"height":235,"aspectRatio":1.702127659574468},{"path":"\/sites\/v\/vestreg.no\/files\/2024\/05\/pressebilde_folkets_nei.jpg?cropToFit=600x353&quality=75","width":600,"height":353,"aspectRatio":1.6997167138810199},{"path":"\/sites\/v\/vestreg.no\/files\/2024\/05\/pressebilde_folkets_nei.jpg?cropToFit=800x471&quality=75","width":800,"height":471,"aspectRatio":1.6985138004246285},{"path":"\/sites\/v\/vestreg.no\/files\/2024\/05\/pressebilde_folkets_nei.jpg?cropToFit=1000x588&quality=75","width":1000,"height":588,"aspectRatio":1.7006802721088434},{"path":"\/sites\/v\/vestreg.no\/files\/2024\/05\/pressebilde_folkets_nei.jpg?cropToFit=1200x706&quality=75","width":1200,"height":706,"aspectRatio":1.6997167138810199}],"image":"\/sites\/v\/vestreg.no\/files\/2024\/05\/pressebilde_folkets_nei.jpg","aspect":1.694915254237288,"type":"image","description":null},"additionalData":[]},{"classes":["outercol"],"isFavourite":false,"isExternalUrl":{"articleLink":false},"articleListButtonsData":{"buttonsList":[{"label":"Les mer","url":"\/Aktuelt\/?Article=769","type":"readmore"}],"mode":"default"},"favouriteType":null,"mnu":null,"section":null,"displayId":true,"docId":769,"identifier":"769Article","docType":"Article","customDate":false,"teaserData":{"teaserText":"H\u00f8ringsuttalelse ","mode":"default"},"content":{"teaser":"H\u00f8ringsuttalelse ","intro":"Helse Nord trenger mer penger, bedre rekruttering og stabile tjenester. De foresl\u00e5tte nedleggelsene i Vester\u00e5len l\u00f8ser ingen av disse problemene. \r\n\r\n25.april sendte Vester\u00e5lsr\u00e5det og Vester\u00e5len ungdomsr\u00e5d inn h\u00f8ringsuttalelse p\u00e5 Helse Nord RHFs h\u00f8ring: Tiltak for \u00e5 sikre b\u00e6rekraft i Helse Nord. "},"titles":{"main":"H\u00f8ringsuttalelse - Tiltak for \u00e5 sikre b\u00e6rekraft i Helse Nord","readMoreButton":"Les mer"},"urls":{"readMore":"\/Aktuelt\/?Article=769","booking":null},"created":{"date":"26.04.2024","time":"08:41","timestamp":1714113660},"introAllowHtml":false,"hasTicket":false,"extra":null,"hasReadMore":true,"media":{"imageData":{"path":"\/sites\/v\/vestreg.no\/files\/2024\/04\/img_5935.jpg","width":4032,"height":3024,"aspectRatio":1.3333333333333333},"previewImageUrl":"\/sites\/v\/vestreg.no\/files\/2024\/04\/img_5935.jpg?cropToFit=100x59&quality=50","imageVariants":[{"path":"\/sites\/v\/vestreg.no\/files\/2024\/04\/img_5935.jpg?cropToFit=100x59&quality=75","width":100,"height":59,"aspectRatio":1.694915254237288},{"path":"\/sites\/v\/vestreg.no\/files\/2024\/04\/img_5935.jpg?cropToFit=200x118&quality=75","width":200,"height":118,"aspectRatio":1.694915254237288},{"path":"\/sites\/v\/vestreg.no\/files\/2024\/04\/img_5935.jpg?cropToFit=400x235&quality=75","width":400,"height":235,"aspectRatio":1.702127659574468},{"path":"\/sites\/v\/vestreg.no\/files\/2024\/04\/img_5935.jpg?cropToFit=600x353&quality=75","width":600,"height":353,"aspectRatio":1.6997167138810199},{"path":"\/sites\/v\/vestreg.no\/files\/2024\/04\/img_5935.jpg?cropToFit=800x471&quality=75","width":800,"height":471,"aspectRatio":1.6985138004246285},{"path":"\/sites\/v\/vestreg.no\/files\/2024\/04\/img_5935.jpg?cropToFit=1000x588&quality=75","width":1000,"height":588,"aspectRatio":1.7006802721088434},{"path":"\/sites\/v\/vestreg.no\/files\/2024\/04\/img_5935.jpg?cropToFit=1200x706&quality=75","width":1200,"height":706,"aspectRatio":1.6997167138810199}],"image":"\/sites\/v\/vestreg.no\/files\/2024\/04\/img_5935.jpg","aspect":1.694915254237288,"type":"image","description":null},"additionalData":[]},{"classes":["outercol"],"isFavourite":false,"isExternalUrl":{"articleLink":false},"articleListButtonsData":{"buttonsList":[{"label":"Les mer","url":"\/Aktuelt\/?Article=764","type":"readmore"}],"mode":"default"},"favouriteType":null,"mnu":null,"section":null,"displayId":true,"docId":764,"identifier":"764Article","docType":"Article","customDate":false,"teaserData":{"teaserText":"","mode":"default"},"content":{"teaser":"","intro":"De seks st\u00f8rste kommunene i Nord-Norge har tatt p\u00e5 seg store sko i sin iver etter \u00e5 adressere landsdelens felles utfordringer. "},"titles":{"main":"O6 \u2013 i selvutnevnt vergem\u00e5l for Nord-Norge? ","readMoreButton":"Les mer"},"urls":{"readMore":"\/Aktuelt\/?Article=764","booking":null},"created":{"date":"22.04.2024","time":"10:56","timestamp":1713776160},"introAllowHtml":false,"hasTicket":false,"extra":null,"hasReadMore":true,"media":{"imageData":{"path":"\/sites\/v\/vestreg.no\/files\/2024\/04\/vester__aalsraadet-brisstudio2023-web-7.jpg","width":1000,"height":716,"aspectRatio":1.3966480446927374},"previewImageUrl":"\/sites\/v\/vestreg.no\/files\/2024\/04\/vester__aalsraadet-brisstudio2023-web-7.jpg?cropToFit=100x59&quality=50","imageVariants":[{"path":"\/sites\/v\/vestreg.no\/files\/2024\/04\/vester__aalsraadet-brisstudio2023-web-7.jpg?cropToFit=100x59&quality=75","width":100,"height":59,"aspectRatio":1.694915254237288},{"path":"\/sites\/v\/vestreg.no\/files\/2024\/04\/vester__aalsraadet-brisstudio2023-web-7.jpg?cropToFit=200x118&quality=75","width":200,"height":118,"aspectRatio":1.694915254237288},{"path":"\/sites\/v\/vestreg.no\/files\/2024\/04\/vester__aalsraadet-brisstudio2023-web-7.jpg?cropToFit=400x235&quality=75","width":400,"height":235,"aspectRatio":1.702127659574468},{"path":"\/sites\/v\/vestreg.no\/files\/2024\/04\/vester__aalsraadet-brisstudio2023-web-7.jpg?cropToFit=600x353&quality=75","width":600,"height":353,"aspectRatio":1.6997167138810199},{"path":"\/sites\/v\/vestreg.no\/files\/2024\/04\/vester__aalsraadet-brisstudio2023-web-7.jpg?cropToFit=800x471&quality=75","width":800,"height":471,"aspectRatio":1.6985138004246285},{"path":"\/sites\/v\/vestreg.no\/files\/2024\/04\/vester__aalsraadet-brisstudio2023-web-7.jpg?cropToFit=1000x588&quality=75","width":1000,"height":588,"aspectRatio":1.7006802721088434},{"path":"\/sites\/v\/vestreg.no\/files\/2024\/04\/vester__aalsraadet-brisstudio2023-web-7.jpg?cropToFit=1200x706&quality=75","width":1000,"height":588,"aspectRatio":1.7006802721088434}],"image":"\/sites\/v\/vestreg.no\/files\/2024\/04\/vester__aalsraadet-brisstudio2023-web-7.jpg","aspect":1.694915254237288,"type":"image","description":null},"additionalData":[]},{"classes":["outercol"],"isFavourite":false,"isExternalUrl":{"articleLink":false},"articleListButtonsData":{"buttonsList":[{"label":"Les mer","url":"\/Aktuelt\/?Article=762","type":"readmore"}],"mode":"default"},"favouriteType":null,"mnu":null,"section":null,"displayId":true,"docId":762,"identifier":"762Article","docType":"Article","customDate":false,"teaserData":{"teaserText":"Uttalelse ","mode":"default"},"content":{"teaser":"Uttalelse ","intro":"Vester\u00e5lsr\u00e5det har klare forventninger om at Nord-Norges viktigste transportkorridor prioriteres n\u00e5r Nasjonal Transportplan legges frem. Over flere \u00e5r har man st\u00e5tt samlet om budskapet fra Midtre-H\u00e5logaland i kravet om dobbeltspor p\u00e5 Ofotbanen. Lite har skjedd, og banen har n\u00e5 s\u00e5 store utfordringer at man flere ganger denne vinteren har opplevd avsporinger og stillstand."},"titles":{"main":"Ofotbanen m\u00e5 f\u00e5 regjeringens oppmerksomhet og h\u00f8yeste prioritet","readMoreButton":"Les mer"},"urls":{"readMore":"\/Aktuelt\/?Article=762","booking":null},"created":{"date":"01.03.2024","time":"10:55","timestamp":1709286900},"introAllowHtml":false,"hasTicket":false,"extra":null,"hasReadMore":true,"media":{"imageData":{"path":"\/sites\/v\/vestreg.no\/files\/2024\/03\/shutterstock_1843929598.jpg","width":6000,"height":4002,"aspectRatio":1.4992503748125936},"previewImageUrl":"\/sites\/v\/vestreg.no\/files\/2024\/03\/shutterstock_1843929598.jpg?cropToFit=100x59&quality=50","imageVariants":[{"path":"\/sites\/v\/vestreg.no\/files\/2024\/03\/shutterstock_1843929598.jpg?cropToFit=100x59&quality=75","width":100,"height":59,"aspectRatio":1.694915254237288},{"path":"\/sites\/v\/vestreg.no\/files\/2024\/03\/shutterstock_1843929598.jpg?cropToFit=200x118&quality=75","width":200,"height":118,"aspectRatio":1.694915254237288},{"path":"\/sites\/v\/vestreg.no\/files\/2024\/03\/shutterstock_1843929598.jpg?cropToFit=400x235&quality=75","width":400,"height":235,"aspectRatio":1.702127659574468},{"path":"\/sites\/v\/vestreg.no\/files\/2024\/03\/shutterstock_1843929598.jpg?cropToFit=600x353&quality=75","width":600,"height":353,"aspectRatio":1.6997167138810199},{"path":"\/sites\/v\/vestreg.no\/files\/2024\/03\/shutterstock_1843929598.jpg?cropToFit=800x471&quality=75","width":800,"height":471,"aspectRatio":1.6985138004246285},{"path":"\/sites\/v\/vestreg.no\/files\/2024\/03\/shutterstock_1843929598.jpg?cropToFit=1000x588&quality=75","width":1000,"height":588,"aspectRatio":1.7006802721088434},{"path":"\/sites\/v\/vestreg.no\/files\/2024\/03\/shutterstock_1843929598.jpg?cropToFit=1200x706&quality=75","width":1200,"height":706,"aspectRatio":1.6997167138810199}],"image":"\/sites\/v\/vestreg.no\/files\/2024\/03\/shutterstock_1843929598.jpg","aspect":1.694915254237288,"type":"image","description":null},"additionalData":[]},{"classes":["outercol"],"isFavourite":false,"isExternalUrl":{"articleLink":false},"articleListButtonsData":{"buttonsList":[{"label":"Les mer","url":"\/Aktuelt\/?Article=759","type":"readmore"}],"mode":"default"},"favouriteType":null,"mnu":null,"section":null,"displayId":true,"docId":759,"identifier":"759Article","docType":"Article","customDate":false,"teaserData":{"teaserText":"Uttalelse ","mode":"default"},"content":{"teaser":"Uttalelse ","intro":"Vester\u00e5lsr\u00e5det konstaterer at styret i Helse Nord RHF n\u00e5 sender ut p\u00e5 h\u00f8ring ett av de mest dramatiske h\u00f8ringsnotatene vi har v\u00e6rt vitne til i norsk helsevesen. Ordf\u00f8rer i Hadsel kommune, Kjell-B\u00f8rge Freiberg, var p\u00e5 vegne av Vester\u00e5lsr\u00e5det til stede p\u00e5 styrem\u00f8tet i Troms\u00f8 28.februar."},"titles":{"main":"Helse Nords vedtak vil svekke tilbudet til pasienter i distriktene ","readMoreButton":"Les mer"},"urls":{"readMore":"\/Aktuelt\/?Article=759","booking":null},"created":{"date":"28.02.2024","time":"14:42","timestamp":1709127720},"introAllowHtml":false,"hasTicket":false,"extra":null,"hasReadMore":true,"media":{"imageData":{"path":"\/sites\/v\/vestreg.no\/files\/2024\/02\/IMG_05671_1.jpg","width":1024,"height":768,"aspectRatio":1.3333333333333333},"previewImageUrl":"\/sites\/v\/vestreg.no\/files\/2024\/02\/IMG_05671_1.jpg?cropToFit=100x59&quality=50","imageVariants":[{"path":"\/sites\/v\/vestreg.no\/files\/2024\/02\/IMG_05671_1.jpg?cropToFit=100x59&quality=75","width":100,"height":59,"aspectRatio":1.694915254237288},{"path":"\/sites\/v\/vestreg.no\/files\/2024\/02\/IMG_05671_1.jpg?cropToFit=200x118&quality=75","width":200,"height":118,"aspectRatio":1.694915254237288},{"path":"\/sites\/v\/vestreg.no\/files\/2024\/02\/IMG_05671_1.jpg?cropToFit=400x235&quality=75","width":400,"height":235,"aspectRatio":1.702127659574468},{"path":"\/sites\/v\/vestreg.no\/files\/2024\/02\/IMG_05671_1.jpg?cropToFit=600x353&quality=75","width":600,"height":353,"aspectRatio":1.6997167138810199},{"path":"\/sites\/v\/vestreg.no\/files\/2024\/02\/IMG_05671_1.jpg?cropToFit=800x471&quality=75","width":800,"height":471,"aspectRatio":1.6985138004246285},{"path":"\/sites\/v\/vestreg.no\/files\/2024\/02\/IMG_05671_1.jpg?cropToFit=1000x588&quality=75","width":1000,"height":588,"aspectRatio":1.7006802721088434},{"path":"\/sites\/v\/vestreg.no\/files\/2024\/02\/IMG_05671_1.jpg?cropToFit=1200x706&quality=75","width":1024,"height":602,"aspectRatio":1.7009966777408638}],"image":"\/sites\/v\/vestreg.no\/files\/2024\/02\/IMG_05671_1.jpg","aspect":1.694915254237288,"type":"image","description":"Ordf\u00f8rer i Hadsel kommune, Kjell-B\u00f8rge Freiberg "},"additionalData":[]},{"classes":["outercol"],"isFavourite":false,"isExternalUrl":{"articleLink":false},"articleListButtonsData":{"buttonsList":[{"label":"Les mer","url":"\/Aktuelt\/?Article=750","type":"readmore"}],"mode":"default"},"favouriteType":null,"mnu":null,"section":null,"displayId":true,"docId":750,"identifier":"750Article","docType":"Article","customDate":false,"teaserData":{"teaserText":"","mode":"default"},"content":{"teaser":"","intro":"Helse- og omsorgsdepartementet skal i gang med utarbeidelse av en ny stortingsmelding som skal omhandle akuttmedisinske tjenester i Norge. Alle landets kommuner er invitert til \u00e5 gi innspill i sakens anledning. Stortingsmeldingen om akuttmedisinske tjenester vil omfatte alle leddene i akuttkjeden b\u00e5de i og utenfor sykehus. Et sentralt tema i meldingen vil v\u00e6re hvordan man sikrer beredskap og et godt akuttmedisinsk tilbud i hele landet \u2013 blant annet gjennom nye samarbeids- og arbeidsformer, bruk av teknologi, personell og kompetanse."},"titles":{"main":"Innspill til stortingsmelding om akuttmedisinske tjenester ","readMoreButton":"Les mer"},"urls":{"readMore":"\/Aktuelt\/?Article=750","booking":null},"created":{"date":"22.02.2024","time":"14:25","timestamp":1708608300},"introAllowHtml":false,"hasTicket":false,"extra":null,"hasReadMore":true,"media":{"imageData":{"path":"\/sites\/v\/vestreg.no\/files\/2024\/02\/ambulanse_og_helikopter.jpg","width":6371,"height":4247,"aspectRatio":1.5001177301624675},"previewImageUrl":"\/sites\/v\/vestreg.no\/files\/2024\/02\/ambulanse_og_helikopter.jpg?cropToFit=100x59&quality=50","imageVariants":[{"path":"\/sites\/v\/vestreg.no\/files\/2024\/02\/ambulanse_og_helikopter.jpg?cropToFit=100x59&quality=75","width":100,"height":59,"aspectRatio":1.694915254237288},{"path":"\/sites\/v\/vestreg.no\/files\/2024\/02\/ambulanse_og_helikopter.jpg?cropToFit=200x118&quality=75","width":200,"height":118,"aspectRatio":1.694915254237288},{"path":"\/sites\/v\/vestreg.no\/files\/2024\/02\/ambulanse_og_helikopter.jpg?cropToFit=400x235&quality=75","width":400,"height":235,"aspectRatio":1.702127659574468},{"path":"\/sites\/v\/vestreg.no\/files\/2024\/02\/ambulanse_og_helikopter.jpg?cropToFit=600x353&quality=75","width":600,"height":353,"aspectRatio":1.6997167138810199},{"path":"\/sites\/v\/vestreg.no\/files\/2024\/02\/ambulanse_og_helikopter.jpg?cropToFit=800x471&quality=75","width":800,"height":471,"aspectRatio":1.6985138004246285},{"path":"\/sites\/v\/vestreg.no\/files\/2024\/02\/ambulanse_og_helikopter.jpg?cropToFit=1000x588&quality=75","width":1000,"height":588,"aspectRatio":1.7006802721088434},{"path":"\/sites\/v\/vestreg.no\/files\/2024\/02\/ambulanse_og_helikopter.jpg?cropToFit=1200x706&quality=75","width":1200,"height":706,"aspectRatio":1.6997167138810199}],"image":"\/sites\/v\/vestreg.no\/files\/2024\/02\/ambulanse_og_helikopter.jpg","aspect":1.694915254237288,"type":"image","description":null},"additionalData":[]},{"classes":["outercol"],"isFavourite":false,"isExternalUrl":{"articleLink":false},"articleListButtonsData":{"buttonsList":[{"label":"Les mer","url":"\/Aktuelt\/?Article=748","type":"readmore"}],"mode":"default"},"favouriteType":null,"mnu":null,"section":null,"displayId":true,"docId":748,"identifier":"748Article","docType":"Article","customDate":false,"teaserData":{"teaserText":"","mode":"default"},"content":{"teaser":"","intro":"Nordland fylkeskommune har sendt ut en h\u00f8ring i forkant av utlysning av ny anbudsprosess p\u00e5 sambandet Melbu - Fiskeb\u00f8l slik at innkomne forslag til justeringer i ruteplanen og andre forhold knyttet til kontrakten kan vurderes. Nordland fylkeskommune har lagt til grunn av dagens rutetabell for sambandet videref\u00f8res. Fergesambandet er viktig for hele regionen og Vester\u00e5lsr\u00e5det har derfor send inn innspill til h\u00f8ringen."},"titles":{"main":"H\u00f8ringsinnspill - nytt anbud p\u00e5 fergesambandet Mebu-Fiskeb\u00f8l ","readMoreButton":"Les mer"},"urls":{"readMore":"\/Aktuelt\/?Article=748","booking":null},"created":{"date":"22.02.2024","time":"13:40","timestamp":1708605600},"introAllowHtml":false,"hasTicket":false,"extra":null,"hasReadMore":true,"media":{"imageData":{"path":"\/sites\/v\/vestreg.no\/files\/2024\/02\/ferga-melbu-bj__rn-eide.jpeg","width":800,"height":500,"aspectRatio":1.6},"previewImageUrl":"\/sites\/v\/vestreg.no\/files\/2024\/02\/ferga-melbu-bj__rn-eide.jpeg?cropToFit=100x59&quality=50","imageVariants":[{"path":"\/sites\/v\/vestreg.no\/files\/2024\/02\/ferga-melbu-bj__rn-eide.jpeg?cropToFit=100x59&quality=75","width":100,"height":59,"aspectRatio":1.694915254237288},{"path":"\/sites\/v\/vestreg.no\/files\/2024\/02\/ferga-melbu-bj__rn-eide.jpeg?cropToFit=200x118&quality=75","width":200,"height":118,"aspectRatio":1.694915254237288},{"path":"\/sites\/v\/vestreg.no\/files\/2024\/02\/ferga-melbu-bj__rn-eide.jpeg?cropToFit=400x235&quality=75","width":400,"height":235,"aspectRatio":1.702127659574468},{"path":"\/sites\/v\/vestreg.no\/files\/2024\/02\/ferga-melbu-bj__rn-eide.jpeg?cropToFit=600x353&quality=75","width":600,"height":353,"aspectRatio":1.6997167138810199},{"path":"\/sites\/v\/vestreg.no\/files\/2024\/02\/ferga-melbu-bj__rn-eide.jpeg?cropToFit=800x471&quality=75","width":800,"height":471,"aspectRatio":1.6985138004246285},{"path":"\/sites\/v\/vestreg.no\/files\/2024\/02\/ferga-melbu-bj__rn-eide.jpeg?cropToFit=1000x588&quality=75","width":800,"height":470,"aspectRatio":1.702127659574468},{"path":"\/sites\/v\/vestreg.no\/files\/2024\/02\/ferga-melbu-bj__rn-eide.jpeg?cropToFit=1200x706&quality=75","width":800,"height":471,"aspectRatio":1.6985138004246285}],"image":"\/sites\/v\/vestreg.no\/files\/2024\/02\/ferga-melbu-bj__rn-eide.jpeg","aspect":1.694915254237288,"type":"image","description":null},"additionalData":[]},{"classes":["outercol"],"isFavourite":false,"isExternalUrl":{"articleLink":false},"articleListButtonsData":{"buttonsList":[{"label":"Les mer","url":"\/Aktuelt\/?Article=744","type":"readmore"}],"mode":"default"},"favouriteType":null,"mnu":null,"section":null,"displayId":true,"docId":744,"identifier":"744Article","docType":"Article","customDate":false,"teaserData":{"teaserText":"","mode":"default"},"content":{"teaser":"","intro":"Nylige forslag om sentralisering av sykehustjenester har vekket stor uro blant landsdelens\u00a0\r\ninnbyggere, fagpersonell, og folkevalgte. Vi er overbevist om at opprettholdelsen og\u00a0\r\nstyrkingen av lokale helsetilbud ikke bare er avgj\u00f8rende for v\u00e5re innbyggeres livskvalitet og\u00a0\r\nsikkerhet, men ogs\u00e5 for landsdelens langsiktige levedyktighet og utvikling."},"titles":{"main":"Sammen for et sterkere helsevesen i Nord-Norge ","readMoreButton":"Les mer"},"urls":{"readMore":"\/Aktuelt\/?Article=744","booking":null},"created":{"date":"22.02.2024","time":"12:56","timestamp":1708602960},"introAllowHtml":false,"hasTicket":false,"extra":null,"hasReadMore":true,"media":{"imageData":{"path":"\/sites\/v\/vestreg.no\/files\/2024\/02\/design_uten_navn.png","width":940,"height":788,"aspectRatio":1.1928934010152283},"previewImageUrl":"\/sites\/v\/vestreg.no\/files\/2024\/02\/design_uten_navn.png?cropToFit=100x59&quality=50","imageVariants":[{"path":"\/sites\/v\/vestreg.no\/files\/2024\/02\/design_uten_navn.png?cropToFit=100x59&quality=75","width":100,"height":59,"aspectRatio":1.694915254237288},{"path":"\/sites\/v\/vestreg.no\/files\/2024\/02\/design_uten_navn.png?cropToFit=200x118&quality=75","width":200,"height":118,"aspectRatio":1.694915254237288},{"path":"\/sites\/v\/vestreg.no\/files\/2024\/02\/design_uten_navn.png?cropToFit=400x235&quality=75","width":400,"height":235,"aspectRatio":1.702127659574468},{"path":"\/sites\/v\/vestreg.no\/files\/2024\/02\/design_uten_navn.png?cropToFit=600x353&quality=75","width":600,"height":353,"aspectRatio":1.6997167138810199},{"path":"\/sites\/v\/vestreg.no\/files\/2024\/02\/design_uten_navn.png?cropToFit=800x471&quality=75","width":800,"height":471,"aspectRatio":1.6985138004246285},{"path":"\/sites\/v\/vestreg.no\/files\/2024\/02\/design_uten_navn.png?cropToFit=1000x588&quality=75","width":940,"height":553,"aspectRatio":1.6998191681735986},{"path":"\/sites\/v\/vestreg.no\/files\/2024\/02\/design_uten_navn.png?cropToFit=1200x706&quality=75","width":940,"height":553,"aspectRatio":1.6998191681735986}],"image":"\/sites\/v\/vestreg.no\/files\/2024\/02\/design_uten_navn.png","aspect":1.694915254237288,"type":"image","description":null},"additionalData":[]},{"classes":["outercol"],"isFavourite":false,"isExternalUrl":{"articleLink":false},"articleListButtonsData":{"buttonsList":[{"label":"Les mer","url":"\/Aktuelt\/?Article=738","type":"readmore"}],"mode":"default"},"favouriteType":null,"mnu":null,"section":null,"displayId":true,"docId":738,"identifier":"738Article","docType":"Article","customDate":false,"teaserData":{"teaserText":"","mode":"default"},"content":{"teaser":"","intro":"Vester\u00e5lsr\u00e5det har behov for en ny strategi for hvordan vi skal jobbe politisk for regionen Vester\u00e5len. Det er utarbeidet et forslag til strategi som er vedtatt av styret, og som n\u00e5 er lagt ut p\u00e5 h\u00f8ring. "},"titles":{"main":"Vil du v\u00e6re med \u00e5 p\u00e5virke hvordan Vester\u00e5lsr\u00e5det skal jobbe de neste 6 \u00e5rene? ","readMoreButton":"Les mer"},"urls":{"readMore":"\/Aktuelt\/?Article=738","booking":null},"created":{"date":"26.01.2024","time":"15:05","timestamp":1706277900},"introAllowHtml":false,"hasTicket":false,"extra":null,"hasReadMore":true,"media":{"imageData":{"path":"\/sites\/v\/vestreg.no\/files\/vester__aalsraadet-brisstudio2023-hightres-3.jpg","width":9504,"height":6336,"aspectRatio":1.5},"previewImageUrl":"\/sites\/v\/vestreg.no\/files\/vester__aalsraadet-brisstudio2023-hightres-3.jpg?cropToFit=100x59&quality=50","imageVariants":[{"path":"\/sites\/v\/vestreg.no\/files\/vester__aalsraadet-brisstudio2023-hightres-3.jpg?cropToFit=100x59&quality=75","width":100,"height":59,"aspectRatio":1.694915254237288},{"path":"\/sites\/v\/vestreg.no\/files\/vester__aalsraadet-brisstudio2023-hightres-3.jpg?cropToFit=200x118&quality=75","width":200,"height":118,"aspectRatio":1.694915254237288},{"path":"\/sites\/v\/vestreg.no\/files\/vester__aalsraadet-brisstudio2023-hightres-3.jpg?cropToFit=400x235&quality=75","width":400,"height":235,"aspectRatio":1.702127659574468},{"path":"\/sites\/v\/vestreg.no\/files\/vester__aalsraadet-brisstudio2023-hightres-3.jpg?cropToFit=600x353&quality=75","width":600,"height":353,"aspectRatio":1.6997167138810199},{"path":"\/sites\/v\/vestreg.no\/files\/vester__aalsraadet-brisstudio2023-hightres-3.jpg?cropToFit=800x471&quality=75","width":800,"height":471,"aspectRatio":1.6985138004246285},{"path":"\/sites\/v\/vestreg.no\/files\/vester__aalsraadet-brisstudio2023-hightres-3.jpg?cropToFit=1000x588&quality=75","width":1000,"height":588,"aspectRatio":1.7006802721088434},{"path":"\/sites\/v\/vestreg.no\/files\/vester__aalsraadet-brisstudio2023-hightres-3.jpg?cropToFit=1200x706&quality=75","width":1200,"height":706,"aspectRatio":1.6997167138810199}],"image":"\/sites\/v\/vestreg.no\/files\/vester__aalsraadet-brisstudio2023-hightres-3.jpg","aspect":1.694915254237288,"type":"image","description":null},"additionalData":[]},{"classes":["outercol"],"isFavourite":false,"isExternalUrl":{"articleLink":false},"articleListButtonsData":{"buttonsList":[{"label":"Les mer","url":"\/Aktuelt\/?Article=734","type":"readmore"}],"mode":"default"},"favouriteType":null,"mnu":null,"section":null,"displayId":true,"docId":734,"identifier":"734Article","docType":"Article","customDate":false,"teaserData":{"teaserText":"Uttalelse ","mode":"default"},"content":{"teaser":"Uttalelse ","intro":"Man skaper ikke likeverdige helsetjenester ved \u00e5 bygge ned et viktig d\u00f8gntilbud \r\ni Vester\u00e5len, for s\u00e5 \u00e5 bygge det opp igjen i Bod\u00f8. \r\n\r\nVester\u00e5lsr\u00e5det er bekymret for endringsforslagene som ligger til behandling hos styret i Helse Nord. Endringene som foresl\u00e5s inneb\u00e6rer en massiv svekkelse av spesialisthelsetjeneste tilbudet til befolkningen i Vester\u00e5len og Lofoten. \r\n"},"titles":{"main":"Uttalelse vedr\u00f8rende kutt i d\u00f8gntilbudet i Vester\u00e5len ","readMoreButton":"Les mer"},"urls":{"readMore":"\/Aktuelt\/?Article=734","booking":null},"created":{"date":"09.01.2024","time":"10:46","timestamp":1704793560},"introAllowHtml":false,"hasTicket":false,"extra":null,"hasReadMore":true,"media":{"imageData":{"path":"\/sites\/v\/vestreg.no\/files\/2024\/01\/helse-nord-logo-300x300.png","width":300,"height":300,"aspectRatio":1},"previewImageUrl":"\/sites\/v\/vestreg.no\/files\/2024\/01\/helse-nord-logo-300x300.png?cropToFit=100x59&quality=50","imageVariants":[{"path":"\/sites\/v\/vestreg.no\/files\/2024\/01\/helse-nord-logo-300x300.png?cropToFit=100x59&quality=75","width":100,"height":59,"aspectRatio":1.694915254237288},{"path":"\/sites\/v\/vestreg.no\/files\/2024\/01\/helse-nord-logo-300x300.png?cropToFit=200x118&quality=75","width":200,"height":118,"aspectRatio":1.694915254237288},{"path":"\/sites\/v\/vestreg.no\/files\/2024\/01\/helse-nord-logo-300x300.png?cropToFit=400x235&quality=75","width":300,"height":176,"aspectRatio":1.7045454545454546},{"path":"\/sites\/v\/vestreg.no\/files\/2024\/01\/helse-nord-logo-300x300.png?cropToFit=600x353&quality=75","width":300,"height":177,"aspectRatio":1.694915254237288},{"path":"\/sites\/v\/vestreg.no\/files\/2024\/01\/helse-nord-logo-300x300.png?cropToFit=800x471&quality=75","width":300,"height":177,"aspectRatio":1.694915254237288},{"path":"\/sites\/v\/vestreg.no\/files\/2024\/01\/helse-nord-logo-300x300.png?cropToFit=1000x588&quality=75","width":300,"height":176,"aspectRatio":1.7045454545454546},{"path":"\/sites\/v\/vestreg.no\/files\/2024\/01\/helse-nord-logo-300x300.png?cropToFit=1200x706&quality=75","width":300,"height":177,"aspectRatio":1.694915254237288}],"image":"\/sites\/v\/vestreg.no\/files\/2024\/01\/helse-nord-logo-300x300.png","aspect":1.694915254237288,"type":"image","description":null},"additionalData":[]},{"classes":["outercol"],"isFavourite":false,"isExternalUrl":{"articleLink":false},"articleListButtonsData":{"buttonsList":[{"label":"Les mer","url":"\/Aktuelt\/?Article=741","type":"readmore"}],"mode":"default"},"favouriteType":null,"mnu":null,"section":null,"displayId":true,"docId":741,"identifier":"741Article","docType":"Article","customDate":false,"teaserData":{"teaserText":"Innspill ","mode":"default"},"content":{"teaser":"Innspill ","intro":"Samferdselsdepartementet har tildelt kontrakter til Wider\u00f8e p\u00e5 FOT-ruter i Nordland, gjeldende fra 1. april 2024. Vester\u00e5lsr\u00e5det hadde m\u00f8te med Wider\u00f8e 13.desember der vi fikk fremlagt foresl\u00e5tt ruteplan, r\u00e5det ble ogs\u00e5 orientert om videre prosess. \r\nVester\u00e5lsr\u00e5det har i etterkant av m\u00f8tet sendt inn innspill til Wider\u00f8e p\u00e5 ny rutetabell.\u00a0"},"titles":{"main":"INNSPILL TIL WIDER\u00d8E P\u00c5 NY RUTETABELL IFM FOT-RUTER FRA 1.APRIL 2024","readMoreButton":"Les mer"},"urls":{"readMore":"\/Aktuelt\/?Article=741","booking":null},"created":{"date":"20.12.2023","time":"14:32","timestamp":1703079120},"introAllowHtml":false,"hasTicket":false,"extra":null,"hasReadMore":true,"media":{"imageData":{"path":"\/sites\/v\/vestreg.no\/files\/2024\/02\/fly.jpg","width":7952,"height":5304,"aspectRatio":1.4992458521870287},"previewImageUrl":"\/sites\/v\/vestreg.no\/files\/2024\/02\/fly.jpg?cropToFit=100x59&quality=50","imageVariants":[{"path":"\/sites\/v\/vestreg.no\/files\/2024\/02\/fly.jpg?cropToFit=100x59&quality=75","width":100,"height":59,"aspectRatio":1.694915254237288},{"path":"\/sites\/v\/vestreg.no\/files\/2024\/02\/fly.jpg?cropToFit=200x118&quality=75","width":200,"height":118,"aspectRatio":1.694915254237288},{"path":"\/sites\/v\/vestreg.no\/files\/2024\/02\/fly.jpg?cropToFit=400x235&quality=75","width":400,"height":235,"aspectRatio":1.702127659574468},{"path":"\/sites\/v\/vestreg.no\/files\/2024\/02\/fly.jpg?cropToFit=600x353&quality=75","width":600,"height":353,"aspectRatio":1.6997167138810199},{"path":"\/sites\/v\/vestreg.no\/files\/2024\/02\/fly.jpg?cropToFit=800x471&quality=75","width":800,"height":471,"aspectRatio":1.6985138004246285},{"path":"\/sites\/v\/vestreg.no\/files\/2024\/02\/fly.jpg?cropToFit=1000x588&quality=75","width":1000,"height":588,"aspectRatio":1.7006802721088434},{"path":"\/sites\/v\/vestreg.no\/files\/2024\/02\/fly.jpg?cropToFit=1200x706&quality=75","width":1200,"height":706,"aspectRatio":1.6997167138810199}],"image":"\/sites\/v\/vestreg.no\/files\/2024\/02\/fly.jpg","aspect":1.694915254237288,"type":"image","description":null},"additionalData":[]},{"classes":["outercol"],"isFavourite":false,"isExternalUrl":{"articleLink":false},"articleListButtonsData":{"buttonsList":[{"label":"Les mer","url":"\/Aktuelt\/?Article=729","type":"readmore"}],"mode":"default"},"favouriteType":null,"mnu":null,"section":null,"displayId":true,"docId":729,"identifier":"729Article","docType":"Article","customDate":false,"teaserData":{"teaserText":"H\u00f8ringsinnspill ","mode":"default"},"content":{"teaser":"H\u00f8ringsinnspill ","intro":"Vester\u00e5lsr\u00e5det har i dag sendt inn h\u00f8ringsuttalelse p\u00e5 Havbruksutvalgets rapport om Helhetlig forvaltning av akvakultur for b\u00e6rekraftig verdiskaping. Havbruksutvalget har levert en omfattende rapport med flere forslag til hvordan rammebetingelsene for n\u00e6ringen b\u00f8r innrettes for fremtiden. For Vester\u00e5lens del er det identifisert 4 omr\u00e5der man spesielt b\u00f8r melde tilbake p\u00e5. Visningstillatelser - Arealplanlegging - MTB (Maksimal Tillatt Biomasse) og Risikoavlastning for utvikling av ny teknologi."},"titles":{"main":"HELHETLIG FORVALTNING AV AKVAKULTUR FOR B\u00c6REKRAFTIG  VERDISKAPNING","readMoreButton":"Les mer"},"urls":{"readMore":"\/Aktuelt\/?Article=729","booking":null},"created":{"date":"20.12.2023","time":"14:23","timestamp":1703078580},"introAllowHtml":false,"hasTicket":false,"extra":null,"hasReadMore":true,"media":{"imageData":{"path":"\/sites\/v\/vestreg.no\/files\/2023\/12\/akvakultur_3.jpg","width":1920,"height":1080,"aspectRatio":1.7777777777777777},"previewImageUrl":"\/sites\/v\/vestreg.no\/files\/2023\/12\/akvakultur_3.jpg?cropToFit=100x59&quality=50","imageVariants":[{"path":"\/sites\/v\/vestreg.no\/files\/2023\/12\/akvakultur_3.jpg?cropToFit=100x59&quality=75","width":100,"height":59,"aspectRatio":1.694915254237288},{"path":"\/sites\/v\/vestreg.no\/files\/2023\/12\/akvakultur_3.jpg?cropToFit=200x118&quality=75","width":200,"height":118,"aspectRatio":1.694915254237288},{"path":"\/sites\/v\/vestreg.no\/files\/2023\/12\/akvakultur_3.jpg?cropToFit=400x235&quality=75","width":400,"height":235,"aspectRatio":1.702127659574468},{"path":"\/sites\/v\/vestreg.no\/files\/2023\/12\/akvakultur_3.jpg?cropToFit=600x353&quality=75","width":600,"height":353,"aspectRatio":1.6997167138810199},{"path":"\/sites\/v\/vestreg.no\/files\/2023\/12\/akvakultur_3.jpg?cropToFit=800x471&quality=75","width":800,"height":471,"aspectRatio":1.6985138004246285},{"path":"\/sites\/v\/vestreg.no\/files\/2023\/12\/akvakultur_3.jpg?cropToFit=1000x588&quality=75","width":1000,"height":588,"aspectRatio":1.7006802721088434},{"path":"\/sites\/v\/vestreg.no\/files\/2023\/12\/akvakultur_3.jpg?cropToFit=1200x706&quality=75","width":1200,"height":706,"aspectRatio":1.6997167138810199}],"image":"\/sites\/v\/vestreg.no\/files\/2023\/12\/akvakultur_3.jpg","aspect":1.694915254237288,"type":"image","description":null},"additionalData":[]},{"classes":["outercol"],"isFavourite":false,"isExternalUrl":{"articleLink":false},"articleListButtonsData":{"buttonsList":[{"label":"Les mer","url":"\/Aktuelt\/?Article=724","type":"readmore"}],"mode":"default"},"favouriteType":null,"mnu":null,"section":null,"displayId":true,"docId":724,"identifier":"724Article","docType":"Article","customDate":false,"teaserData":{"teaserText":"Uttalelse","mode":"default"},"content":{"teaser":"Uttalelse","intro":"Vester\u00e5lsr\u00e5det vil med denne uttalelsen gi uttrykk for sterk bekymring rundt kuttforslagene som er lagt frem. "},"titles":{"main":"Vi m\u00e5 bygge opp - ikke ned sykehuset i Vester\u00e5len","readMoreButton":"Les mer"},"urls":{"readMore":"\/Aktuelt\/?Article=724","booking":null},"created":{"date":"30.11.2023","time":"20:09","timestamp":1701371340},"introAllowHtml":false,"hasTicket":false,"extra":null,"hasReadMore":true,"media":{"imageData":{"path":"\/sites\/v\/vestreg.no\/files\/2023\/11\/skjermbilde_2023-11-30_kl._20.32.53.png","width":1400,"height":738,"aspectRatio":1.897018970189702},"previewImageUrl":"\/sites\/v\/vestreg.no\/files\/2023\/11\/skjermbilde_2023-11-30_kl._20.32.53.png?cropToFit=100x59&quality=50","imageVariants":[{"path":"\/sites\/v\/vestreg.no\/files\/2023\/11\/skjermbilde_2023-11-30_kl._20.32.53.png?cropToFit=100x59&quality=75","width":100,"height":59,"aspectRatio":1.694915254237288},{"path":"\/sites\/v\/vestreg.no\/files\/2023\/11\/skjermbilde_2023-11-30_kl._20.32.53.png?cropToFit=200x118&quality=75","width":200,"height":118,"aspectRatio":1.694915254237288},{"path":"\/sites\/v\/vestreg.no\/files\/2023\/11\/skjermbilde_2023-11-30_kl._20.32.53.png?cropToFit=400x235&quality=75","width":400,"height":235,"aspectRatio":1.702127659574468},{"path":"\/sites\/v\/vestreg.no\/files\/2023\/11\/skjermbilde_2023-11-30_kl._20.32.53.png?cropToFit=600x353&quality=75","width":600,"height":353,"aspectRatio":1.6997167138810199},{"path":"\/sites\/v\/vestreg.no\/files\/2023\/11\/skjermbilde_2023-11-30_kl._20.32.53.png?cropToFit=800x471&quality=75","width":800,"height":471,"aspectRatio":1.6985138004246285},{"path":"\/sites\/v\/vestreg.no\/files\/2023\/11\/skjermbilde_2023-11-30_kl._20.32.53.png?cropToFit=1000x588&quality=75","width":1000,"height":588,"aspectRatio":1.7006802721088434},{"path":"\/sites\/v\/vestreg.no\/files\/2023\/11\/skjermbilde_2023-11-30_kl._20.32.53.png?cropToFit=1200x706&quality=75","width":1200,"height":706,"aspectRatio":1.6997167138810199}],"image":"\/sites\/v\/vestreg.no\/files\/2023\/11\/skjermbilde_2023-11-30_kl._20.32.53.png","aspect":1.694915254237288,"type":"image","description":null},"additionalData":[]},{"classes":["outercol"],"isFavourite":false,"isExternalUrl":{"articleLink":false},"articleListButtonsData":{"buttonsList":[{"label":"Les mer","url":"\/Aktuelt\/?Article=709","type":"readmore"}],"mode":"default"},"favouriteType":null,"mnu":null,"section":null,"displayId":true,"docId":709,"identifier":"709Article","docType":"Article","customDate":false,"teaserData":{"teaserText":"Pressemelding ","mode":"default"},"content":{"teaser":"Pressemelding ","intro":"Vester\u00e5lsr\u00e5det (tidligere Vester\u00e5len Regionr\u00e5d) har lenge jobbet for \u00e5 fremme b\u00e6rekraftig utvikling og attraktivitet i Vester\u00e5len. Etter noen \u00e5r med omorganisering, st\u00e5r det politiske r\u00e5det n\u00e5 klart med nytt styre, og nytt engasjement for regionen"},"titles":{"main":"ILAG om \u00e5 skape en sterk fremtid for Vester\u00e5len ","readMoreButton":"Les mer"},"urls":{"readMore":"\/Aktuelt\/?Article=709","booking":null},"created":{"date":"07.11.2023","time":"20:23","timestamp":1699384980},"introAllowHtml":false,"hasTicket":false,"extra":null,"hasReadMore":true,"media":{"imageData":{"path":"\/sites\/v\/vestreg.no\/files\/vester__aalsraadet-brisstudio2023-hightres-3.jpg","width":9504,"height":6336,"aspectRatio":1.5},"previewImageUrl":"\/sites\/v\/vestreg.no\/files\/vester__aalsraadet-brisstudio2023-hightres-3.jpg?cropToFit=100x59&quality=50","imageVariants":[{"path":"\/sites\/v\/vestreg.no\/files\/vester__aalsraadet-brisstudio2023-hightres-3.jpg?cropToFit=100x59&quality=75","width":100,"height":59,"aspectRatio":1.694915254237288},{"path":"\/sites\/v\/vestreg.no\/files\/vester__aalsraadet-brisstudio2023-hightres-3.jpg?cropToFit=200x118&quality=75","width":200,"height":118,"aspectRatio":1.694915254237288},{"path":"\/sites\/v\/vestreg.no\/files\/vester__aalsraadet-brisstudio2023-hightres-3.jpg?cropToFit=400x235&quality=75","width":400,"height":235,"aspectRatio":1.702127659574468},{"path":"\/sites\/v\/vestreg.no\/files\/vester__aalsraadet-brisstudio2023-hightres-3.jpg?cropToFit=600x353&quality=75","width":600,"height":353,"aspectRatio":1.6997167138810199},{"path":"\/sites\/v\/vestreg.no\/files\/vester__aalsraadet-brisstudio2023-hightres-3.jpg?cropToFit=800x471&quality=75","width":800,"height":471,"aspectRatio":1.6985138004246285},{"path":"\/sites\/v\/vestreg.no\/files\/vester__aalsraadet-brisstudio2023-hightres-3.jpg?cropToFit=1000x588&quality=75","width":1000,"height":588,"aspectRatio":1.7006802721088434},{"path":"\/sites\/v\/vestreg.no\/files\/vester__aalsraadet-brisstudio2023-hightres-3.jpg?cropToFit=1200x706&quality=75","width":1200,"height":706,"aspectRatio":1.6997167138810199}],"image":"\/sites\/v\/vestreg.no\/files\/vester__aalsraadet-brisstudio2023-hightres-3.jpg","aspect":1.694915254237288,"type":"image","description":"Ny r\u00e5dsleder, Grete Ellingsen "},"additionalData":[]},{"classes":["outercol"],"isFavourite":false,"isExternalUrl":{"articleLink":false},"articleListButtonsData":{"buttonsList":[{"label":"Les mer","url":"\/Aktuelt\/?Article=695","type":"readmore"}],"mode":"default"},"favouriteType":null,"mnu":null,"section":null,"displayId":true,"docId":695,"identifier":"695Article","docType":"Article","customDate":false,"teaserData":{"teaserText":"Pressemelding ","mode":"default"},"content":{"teaser":"Pressemelding ","intro":"Helse Nord RHF er i gang med et arbeid som kan endre Vester\u00e5lens sykehustilbud slik vi kjenner det i dag. Vester\u00e5lsr\u00e5det inviterer derfor i samarbeid med sykehusets venner, til et viktig og opplysende folkem\u00f8te om sykehuset og utredningen som er i gang."},"titles":{"main":"Vester\u00e5lsr\u00e5det inviterer til folkem\u00f8te om sykehuset i Vester\u00e5len ","readMoreButton":"Les mer"},"urls":{"readMore":"\/Aktuelt\/?Article=695","booking":null},"created":{"date":"21.09.2023","time":"20:02","timestamp":1695319320},"introAllowHtml":false,"hasTicket":false,"extra":null,"hasReadMore":true,"media":{"imageData":{"path":"\/sites\/v\/vestreg.no\/files\/folkem__te__2_.png","width":1920,"height":1080,"aspectRatio":1.7777777777777777},"previewImageUrl":"\/sites\/v\/vestreg.no\/files\/folkem__te__2_.png?cropToFit=100x59&quality=50","imageVariants":[{"path":"\/sites\/v\/vestreg.no\/files\/folkem__te__2_.png?cropToFit=100x59&quality=75","width":100,"height":59,"aspectRatio":1.694915254237288},{"path":"\/sites\/v\/vestreg.no\/files\/folkem__te__2_.png?cropToFit=200x118&quality=75","width":200,"height":118,"aspectRatio":1.694915254237288},{"path":"\/sites\/v\/vestreg.no\/files\/folkem__te__2_.png?cropToFit=400x235&quality=75","width":400,"height":235,"aspectRatio":1.702127659574468},{"path":"\/sites\/v\/vestreg.no\/files\/folkem__te__2_.png?cropToFit=600x353&quality=75","width":600,"height":353,"aspectRatio":1.6997167138810199},{"path":"\/sites\/v\/vestreg.no\/files\/folkem__te__2_.png?cropToFit=800x471&quality=75","width":800,"height":471,"aspectRatio":1.6985138004246285},{"path":"\/sites\/v\/vestreg.no\/files\/folkem__te__2_.png?cropToFit=1000x588&quality=75","width":1000,"height":588,"aspectRatio":1.7006802721088434},{"path":"\/sites\/v\/vestreg.no\/files\/folkem__te__2_.png?cropToFit=1200x706&quality=75","width":1200,"height":706,"aspectRatio":1.6997167138810199}],"image":"\/sites\/v\/vestreg.no\/files\/folkem__te__2_.png","aspect":1.694915254237288,"type":"image","description":null},"additionalData":[]},{"classes":["outercol"],"isFavourite":false,"isExternalUrl":{"articleLink":false},"articleListButtonsData":{"buttonsList":[{"label":"Les mer","url":"\/Aktuelt\/?Article=688","type":"readmore"}],"mode":"default"},"favouriteType":null,"mnu":null,"section":null,"displayId":true,"docId":688,"identifier":"688Article","docType":"Article","customDate":false,"teaserData":{"teaserText":"H\u00f8ringsinnspill ","mode":"default"},"content":{"teaser":"H\u00f8ringsinnspill ","intro":"Statens vegvesen sendte 4. juli 2023 forslag til omklassifisering av deler av dagens E10 ut p\u00e5 h\u00f8ring. I forslaget foresl\u00e5r de at strekningen Kanstadbotn - K\u00e5ringen skal omklassifiseres til fylkesvei etter at H\u00e5logalandsveien st\u00e5r ferdig. Vi mener at det er av stor betydning at denne strekningen m\u00e5 beholde status som riksvei."},"titles":{"main":"Vil opprettholde E10 Kanstadbotn - K\u00e5ringen som riksvei ","readMoreButton":"Les mer"},"urls":{"readMore":"\/Aktuelt\/?Article=688","booking":null},"created":{"date":"13.09.2023","time":"10:36","timestamp":1694594160},"introAllowHtml":false,"hasTicket":false,"extra":null,"hasReadMore":true,"media":{"imageData":{"path":"\/sites\/v\/vestreg.no\/files\/ordforere_svovaer-1030x687.jpg","width":1030,"height":687,"aspectRatio":1.4992721979621544},"previewImageUrl":"\/sites\/v\/vestreg.no\/files\/ordforere_svovaer-1030x687.jpg?cropToFit=100x59&quality=50","imageVariants":[{"path":"\/sites\/v\/vestreg.no\/files\/ordforere_svovaer-1030x687.jpg?cropToFit=100x59&quality=75","width":100,"height":59,"aspectRatio":1.694915254237288},{"path":"\/sites\/v\/vestreg.no\/files\/ordforere_svovaer-1030x687.jpg?cropToFit=200x118&quality=75","width":200,"height":118,"aspectRatio":1.694915254237288},{"path":"\/sites\/v\/vestreg.no\/files\/ordforere_svovaer-1030x687.jpg?cropToFit=400x235&quality=75","width":400,"height":235,"aspectRatio":1.702127659574468},{"path":"\/sites\/v\/vestreg.no\/files\/ordforere_svovaer-1030x687.jpg?cropToFit=600x353&quality=75","width":600,"height":353,"aspectRatio":1.6997167138810199},{"path":"\/sites\/v\/vestreg.no\/files\/ordforere_svovaer-1030x687.jpg?cropToFit=800x471&quality=75","width":800,"height":471,"aspectRatio":1.6985138004246285},{"path":"\/sites\/v\/vestreg.no\/files\/ordforere_svovaer-1030x687.jpg?cropToFit=1000x588&quality=75","width":1000,"height":588,"aspectRatio":1.7006802721088434},{"path":"\/sites\/v\/vestreg.no\/files\/ordforere_svovaer-1030x687.jpg?cropToFit=1200x706&quality=75","width":1030,"height":606,"aspectRatio":1.6996699669966997}],"image":"\/sites\/v\/vestreg.no\/files\/ordforere_svovaer-1030x687.jpg","aspect":1.694915254237288,"type":"image","description":null},"additionalData":[]},{"classes":["outercol"],"isFavourite":false,"isExternalUrl":{"articleLink":false},"articleListButtonsData":{"buttonsList":[{"label":"Les mer","url":"\/Aktuelt\/?Article=685","type":"readmore"}],"mode":"default"},"favouriteType":null,"mnu":null,"section":null,"displayId":true,"docId":685,"identifier":"685Article","docType":"Article","customDate":false,"teaserData":{"teaserText":"","mode":"default"},"content":{"teaser":"","intro":"54% av vester\u00e5lingene er enig i at klimaforandringer er menneskeskapte. Det viser en ny meningsm\u00e5ling utf\u00f8rt av Norfakta. Vester\u00e5lingene skiller seg dermed markant fra resten av landet, der lignende meningsm\u00e5linger viser at bare 25% av den norske befolkningen ikke tror p\u00e5 menneskeskapte klimaendringer. "},"titles":{"main":"Ny meningsm\u00e5ling: Stor klimaskepsis i Vester\u00e5len ","readMoreButton":"Les mer"},"urls":{"readMore":"\/Aktuelt\/?Article=685","booking":null},"created":{"date":"06.09.2023","time":"10:24","timestamp":1693988640},"introAllowHtml":false,"hasTicket":false,"extra":null,"hasReadMore":true,"media":{"imageData":{"path":"\/sites\/v\/vestreg.no\/files\/pressebilde__stor_klimaskepsis_i_vestera__len.jpg","width":7008,"height":4672,"aspectRatio":1.5},"previewImageUrl":"\/sites\/v\/vestreg.no\/files\/pressebilde__stor_klimaskepsis_i_vestera__len.jpg?cropToFit=100x59&quality=50","imageVariants":[{"path":"\/sites\/v\/vestreg.no\/files\/pressebilde__stor_klimaskepsis_i_vestera__len.jpg?cropToFit=100x59&quality=75","width":100,"height":59,"aspectRatio":1.694915254237288},{"path":"\/sites\/v\/vestreg.no\/files\/pressebilde__stor_klimaskepsis_i_vestera__len.jpg?cropToFit=200x118&quality=75","width":200,"height":118,"aspectRatio":1.694915254237288},{"path":"\/sites\/v\/vestreg.no\/files\/pressebilde__stor_klimaskepsis_i_vestera__len.jpg?cropToFit=400x235&quality=75","width":400,"height":235,"aspectRatio":1.702127659574468},{"path":"\/sites\/v\/vestreg.no\/files\/pressebilde__stor_klimaskepsis_i_vestera__len.jpg?cropToFit=600x353&quality=75","width":600,"height":353,"aspectRatio":1.6997167138810199},{"path":"\/sites\/v\/vestreg.no\/files\/pressebilde__stor_klimaskepsis_i_vestera__len.jpg?cropToFit=800x471&quality=75","width":800,"height":471,"aspectRatio":1.6985138004246285},{"path":"\/sites\/v\/vestreg.no\/files\/pressebilde__stor_klimaskepsis_i_vestera__len.jpg?cropToFit=1000x588&quality=75","width":1000,"height":588,"aspectRatio":1.7006802721088434},{"path":"\/sites\/v\/vestreg.no\/files\/pressebilde__stor_klimaskepsis_i_vestera__len.jpg?cropToFit=1200x706&quality=75","width":1200,"height":706,"aspectRatio":1.6997167138810199}],"image":"\/sites\/v\/vestreg.no\/files\/pressebilde__stor_klimaskepsis_i_vestera__len.jpg","aspect":1.694915254237288,"type":"image","description":null},"additionalData":[]}],"pages":[1,2,3],"currentPage":1,"sections":[]}