{"articles":[{"classes":["outercol"],"isFavourite":false,"isExternalUrl":{"articleLink":false},"articleListButtonsData":{"buttonsList":[{"label":"Les mer","url":"\/omvr\/om-regionradet","type":"readmore"}],"mode":"default"},"favouriteType":null,"mnu":null,"section":null,"displayId":true,"docId":6,"identifier":"6Article","docType":"Article","customDate":false,"teaserData":{"teaserText":"","mode":"default"},"content":{"teaser":"","intro":"Vester\u00e5lsr\u00e5det er et interkommunalt politisk r\u00e5d for kommunene And\u00f8y, B\u00f8, Hadsel, Sortland og \u00d8ksnes. En hovedm\u00e5lsetting for det interkommunale samarbeidet er \u00e5 bidra til at Vester\u00e5len blir en attraktiv og folkerik region som skaper verdier av nasjonal og internasjonal betydning. "},"titles":{"main":"Hva er Vester\u00e5lsr\u00e5det ","readMoreButton":"Les mer"},"urls":{"readMore":"\/omvr\/om-regionradet","booking":null},"created":{"date":"12.04.2016","time":"15:25","timestamp":1460467500},"introAllowHtml":false,"hasTicket":false,"extra":null,"hasReadMore":true,"media":{"imageData":{"path":"\/sites\/v\/vestreg.no\/files\/5664.jpg","width":500,"height":332,"aspectRatio":1.5060240963855422},"previewImageUrl":"\/sites\/v\/vestreg.no\/files\/5664.jpg?cropToFit=100x59&quality=50","imageVariants":[{"path":"\/sites\/v\/vestreg.no\/files\/5664.jpg?cropToFit=100x59&quality=75","width":100,"height":59,"aspectRatio":1.694915254237288},{"path":"\/sites\/v\/vestreg.no\/files\/5664.jpg?cropToFit=200x118&quality=75","width":200,"height":118,"aspectRatio":1.694915254237288},{"path":"\/sites\/v\/vestreg.no\/files\/5664.jpg?cropToFit=400x235&quality=75","width":400,"height":235,"aspectRatio":1.702127659574468},{"path":"\/sites\/v\/vestreg.no\/files\/5664.jpg?cropToFit=600x353&quality=75","width":500,"height":294,"aspectRatio":1.7006802721088434},{"path":"\/sites\/v\/vestreg.no\/files\/5664.jpg?cropToFit=800x471&quality=75","width":500,"height":294,"aspectRatio":1.7006802721088434},{"path":"\/sites\/v\/vestreg.no\/files\/5664.jpg?cropToFit=1000x588&quality=75","width":500,"height":294,"aspectRatio":1.7006802721088434},{"path":"\/sites\/v\/vestreg.no\/files\/5664.jpg?cropToFit=1200x706&quality=75","width":500,"height":294,"aspectRatio":1.7006802721088434}],"image":"\/sites\/v\/vestreg.no\/files\/5664.jpg","aspect":1.694915254237288,"type":"image","description":null},"additionalData":[]},{"classes":["outercol"],"isFavourite":false,"isExternalUrl":{"articleLink":false},"articleListButtonsData":{"buttonsList":[{"label":"Les mer","url":"\/omvr\/?Article=65","type":"readmore"}],"mode":"default"},"favouriteType":null,"mnu":null,"section":null,"displayId":true,"docId":65,"identifier":"65Article","docType":"Article","customDate":false,"teaserData":{"teaserText":"","mode":"default"},"content":{"teaser":"","intro":"Administrasjonen i Vester\u00e5lsr\u00e5det r\u00e5d jobber for ordf\u00f8rerne i And\u00f8y, B\u00f8, Hadsel, Sortland og \u00d8ksnes kommuner."},"titles":{"main":"Hva gj\u00f8r administrasjonen","readMoreButton":"Les mer"},"urls":{"readMore":"\/omvr\/?Article=65","booking":null},"created":{"date":"11.08.2016","time":"07:47","timestamp":1470894420},"introAllowHtml":false,"hasTicket":false,"extra":null,"hasReadMore":true,"media":{"contexts":[],"previewImageUrl":"","imageVariants":[],"image":null,"aspect":null,"type":"image","description":""},"additionalData":[]},{"classes":["outercol"],"isFavourite":false,"isExternalUrl":{"articleLink":false},"articleListButtonsData":{"buttonsList":[{"label":"Les mer","url":"\/?id=1539111494","type":"readmore"}],"mode":"default"},"favouriteType":null,"mnu":null,"section":null,"displayId":true,"docId":141,"identifier":"141Article","docType":"Article","customDate":false,"teaserData":{"teaserText":"Organisering ","mode":"default"},"content":{"teaser":"Organisering ","intro":"Vester\u00e5len regionr\u00e5d har egne vedtekter som ogs\u00e5 omfatter Kultursamarbeidet i Vester\u00e5len, Regionalt kontor for kompetanseutvikling (RKK) og Visit Vester\u00e5len"},"titles":{"main":"Organisering ","readMoreButton":"Les mer"},"urls":{"readMore":"\/?id=1539111494","booking":null},"created":{"date":"15.09.2016","time":"13:09","timestamp":1473937740},"introAllowHtml":false,"hasTicket":false,"extra":null,"hasReadMore":true,"media":{"imageData":{"path":"\/sites\/v\/vestreg.no\/files\/6830.jpg","width":500,"height":332,"aspectRatio":1.5060240963855422},"previewImageUrl":"\/sites\/v\/vestreg.no\/files\/6830.jpg?cropToFit=100x59&quality=50","imageVariants":[{"path":"\/sites\/v\/vestreg.no\/files\/6830.jpg?cropToFit=100x59&quality=75","width":100,"height":59,"aspectRatio":1.694915254237288},{"path":"\/sites\/v\/vestreg.no\/files\/6830.jpg?cropToFit=200x118&quality=75","width":200,"height":118,"aspectRatio":1.694915254237288},{"path":"\/sites\/v\/vestreg.no\/files\/6830.jpg?cropToFit=400x235&quality=75","width":400,"height":235,"aspectRatio":1.702127659574468},{"path":"\/sites\/v\/vestreg.no\/files\/6830.jpg?cropToFit=600x353&quality=75","width":500,"height":294,"aspectRatio":1.7006802721088434},{"path":"\/sites\/v\/vestreg.no\/files\/6830.jpg?cropToFit=800x471&quality=75","width":500,"height":294,"aspectRatio":1.7006802721088434},{"path":"\/sites\/v\/vestreg.no\/files\/6830.jpg?cropToFit=1000x588&quality=75","width":500,"height":294,"aspectRatio":1.7006802721088434},{"path":"\/sites\/v\/vestreg.no\/files\/6830.jpg?cropToFit=1200x706&quality=75","width":500,"height":294,"aspectRatio":1.7006802721088434}],"image":"\/sites\/v\/vestreg.no\/files\/6830.jpg","aspect":1.694915254237288,"type":"image","description":null},"additionalData":[]},{"classes":["outercol"],"isFavourite":false,"isExternalUrl":{"articleLink":false},"articleListButtonsData":{"buttonsList":[{"label":"Les mer","url":"\/?id=1285497441","type":"readmore"}],"mode":"default"},"favouriteType":null,"mnu":null,"section":null,"displayId":true,"docId":30,"identifier":"30Article","docType":"Article","customDate":false,"teaserData":{"teaserText":"Historikk","mode":"default"},"content":{"teaser":"Historikk","intro":"Det regionale samarbeidet mellom kommunene i Vester\u00e5len har foreg\u00e5tt over relativt lang tid. Samarbeidet ble formalisert i 1937 da Vester\u00e5len Interkommunale Kommunikasjonskomit\u00e9 (VIK) ble opprettet (nedlagt i 1992)."},"titles":{"main":"Historikk","readMoreButton":"Les mer"},"urls":{"readMore":"\/?id=1285497441","booking":null},"created":{"date":"05.08.2016","time":"11:52","timestamp":1470390720},"introAllowHtml":false,"hasTicket":false,"extra":null,"hasReadMore":true,"media":{"imageData":{"path":"\/sites\/v\/vestreg.no\/files\/trym_ivar_bergsmo_hadselbru.jpg","width":1153,"height":812,"aspectRatio":1.4199507389162562},"previewImageUrl":"\/sites\/v\/vestreg.no\/files\/trym_ivar_bergsmo_hadselbru.jpg?cropToFit=100x59&quality=50","imageVariants":[{"path":"\/sites\/v\/vestreg.no\/files\/trym_ivar_bergsmo_hadselbru.jpg?cropToFit=100x59&quality=75","width":100,"height":59,"aspectRatio":1.694915254237288},{"path":"\/sites\/v\/vestreg.no\/files\/trym_ivar_bergsmo_hadselbru.jpg?cropToFit=200x118&quality=75","width":200,"height":118,"aspectRatio":1.694915254237288},{"path":"\/sites\/v\/vestreg.no\/files\/trym_ivar_bergsmo_hadselbru.jpg?cropToFit=400x235&quality=75","width":400,"height":235,"aspectRatio":1.702127659574468},{"path":"\/sites\/v\/vestreg.no\/files\/trym_ivar_bergsmo_hadselbru.jpg?cropToFit=600x353&quality=75","width":600,"height":353,"aspectRatio":1.6997167138810199},{"path":"\/sites\/v\/vestreg.no\/files\/trym_ivar_bergsmo_hadselbru.jpg?cropToFit=800x471&quality=75","width":800,"height":471,"aspectRatio":1.6985138004246285},{"path":"\/sites\/v\/vestreg.no\/files\/trym_ivar_bergsmo_hadselbru.jpg?cropToFit=1000x588&quality=75","width":1000,"height":588,"aspectRatio":1.7006802721088434},{"path":"\/sites\/v\/vestreg.no\/files\/trym_ivar_bergsmo_hadselbru.jpg?cropToFit=1200x706&quality=75","width":1153,"height":678,"aspectRatio":1.7005899705014749}],"image":"\/sites\/v\/vestreg.no\/files\/trym_ivar_bergsmo_hadselbru.jpg","aspect":1.694915254237288,"type":"image","description":null},"additionalData":[]},{"classes":["outercol"],"isFavourite":false,"isExternalUrl":{"articleLink":false},"articleListButtonsData":{"buttonsList":[{"label":"Les mer","url":"\/?id=25808199","type":"readmore"}],"mode":"default"},"favouriteType":null,"mnu":null,"section":null,"displayId":true,"docId":29,"identifier":"29Article","docType":"Article","customDate":false,"teaserData":{"teaserText":"Politisk samarbeid","mode":"default"},"content":{"teaser":"Politisk samarbeid","intro":"Vester\u00e5len regionr\u00e5d er et samarbeidsorgan for kommunene And\u00f8y, B\u00f8, Hadsel, L\u00f8dingen, Sortland og \u00d8ksnes.\r\n"},"titles":{"main":"Politisk samarbeid","readMoreButton":"Les mer"},"urls":{"readMore":"\/?id=25808199","booking":null},"created":{"date":"05.08.2016","time":"11:49","timestamp":1470390540},"introAllowHtml":false,"hasTicket":false,"extra":[],"hasReadMore":true,"media":{"imageData":{"path":"\/sites\/v\/vestreg.no\/files\/5c5ea276e5a5e60df976775c8ca3c0d4.jpg","width":993,"height":497,"aspectRatio":1.9979879275653925},"previewImageUrl":"\/sites\/v\/vestreg.no\/files\/5c5ea276e5a5e60df976775c8ca3c0d4.jpg?cropToFit=100x59&quality=50","imageVariants":[{"path":"\/sites\/v\/vestreg.no\/files\/5c5ea276e5a5e60df976775c8ca3c0d4.jpg?cropToFit=100x59&quality=75","width":100,"height":59,"aspectRatio":1.694915254237288},{"path":"\/sites\/v\/vestreg.no\/files\/5c5ea276e5a5e60df976775c8ca3c0d4.jpg?cropToFit=200x118&quality=75","width":200,"height":118,"aspectRatio":1.694915254237288},{"path":"\/sites\/v\/vestreg.no\/files\/5c5ea276e5a5e60df976775c8ca3c0d4.jpg?cropToFit=400x235&quality=75","width":400,"height":235,"aspectRatio":1.702127659574468},{"path":"\/sites\/v\/vestreg.no\/files\/5c5ea276e5a5e60df976775c8ca3c0d4.jpg?cropToFit=600x353&quality=75","width":600,"height":353,"aspectRatio":1.6997167138810199},{"path":"\/sites\/v\/vestreg.no\/files\/5c5ea276e5a5e60df976775c8ca3c0d4.jpg?cropToFit=800x471&quality=75","width":800,"height":471,"aspectRatio":1.6985138004246285},{"path":"\/sites\/v\/vestreg.no\/files\/5c5ea276e5a5e60df976775c8ca3c0d4.jpg?cropToFit=1000x588&quality=75","width":845,"height":497,"aspectRatio":1.7002012072434607},{"path":"\/sites\/v\/vestreg.no\/files\/5c5ea276e5a5e60df976775c8ca3c0d4.jpg?cropToFit=1200x706&quality=75","width":845,"height":497,"aspectRatio":1.7002012072434607}],"image":"\/sites\/v\/vestreg.no\/files\/5c5ea276e5a5e60df976775c8ca3c0d4.jpg","aspect":1.694915254237288,"type":"image","description":null},"additionalData":[]},{"classes":["outercol"],"isFavourite":false,"isExternalUrl":{"articleLink":false},"articleListButtonsData":{"buttonsList":[{"label":"Les mer","url":"\/?id=2145116803","type":"readmore"}],"mode":"default"},"favouriteType":null,"mnu":null,"section":null,"displayId":true,"docId":58,"identifier":"58Article","docType":"Article","customDate":false,"teaserData":{"teaserText":"Ansatte","mode":"default"},"content":{"teaser":"Ansatte","intro":"ja"},"titles":{"main":"Ansatte i Vester\u00e5len regionr\u00e5d","readMoreButton":"Les mer"},"urls":{"readMore":"\/?id=2145116803","booking":null},"created":{"date":"09.08.2016","time":"14:27","timestamp":1470745620},"introAllowHtml":false,"hasTicket":false,"extra":null,"hasReadMore":true,"media":{"imageData":{"path":"\/sites\/v\/vestreg.no\/files\/6508.jpg","width":500,"height":332,"aspectRatio":1.5060240963855422},"previewImageUrl":"\/sites\/v\/vestreg.no\/files\/6508.jpg?cropToFit=100x59&quality=50","imageVariants":[{"path":"\/sites\/v\/vestreg.no\/files\/6508.jpg?cropToFit=100x59&quality=75","width":100,"height":59,"aspectRatio":1.694915254237288},{"path":"\/sites\/v\/vestreg.no\/files\/6508.jpg?cropToFit=200x118&quality=75","width":200,"height":118,"aspectRatio":1.694915254237288},{"path":"\/sites\/v\/vestreg.no\/files\/6508.jpg?cropToFit=400x235&quality=75","width":400,"height":235,"aspectRatio":1.702127659574468},{"path":"\/sites\/v\/vestreg.no\/files\/6508.jpg?cropToFit=600x353&quality=75","width":500,"height":294,"aspectRatio":1.7006802721088434},{"path":"\/sites\/v\/vestreg.no\/files\/6508.jpg?cropToFit=800x471&quality=75","width":500,"height":294,"aspectRatio":1.7006802721088434},{"path":"\/sites\/v\/vestreg.no\/files\/6508.jpg?cropToFit=1000x588&quality=75","width":500,"height":294,"aspectRatio":1.7006802721088434},{"path":"\/sites\/v\/vestreg.no\/files\/6508.jpg?cropToFit=1200x706&quality=75","width":500,"height":294,"aspectRatio":1.7006802721088434}],"image":"\/sites\/v\/vestreg.no\/files\/6508.jpg","aspect":1.694915254237288,"type":"image","description":null},"additionalData":[]},{"classes":["outercol"],"isFavourite":false,"isExternalUrl":{"articleLink":false},"articleListButtonsData":{"buttonsList":[{"label":"Les mer","url":"\/?id=1766371043","type":"readmore"}],"mode":"default"},"favouriteType":null,"mnu":null,"section":null,"displayId":true,"docId":31,"identifier":"31Article","docType":"Article","customDate":false,"teaserData":{"teaserText":"Ledige stillinger","mode":"default"},"content":{"teaser":"Ledige stillinger","intro":"Ledige stillinger i v\u00e5r organisasjon."},"titles":{"main":"Ledige stillinger","readMoreButton":"Les mer"},"urls":{"readMore":"\/?id=1766371043","booking":null},"created":{"date":"05.08.2016","time":"11:54","timestamp":1470390840},"introAllowHtml":false,"hasTicket":false,"extra":null,"hasReadMore":true,"media":{"imageData":{"path":"\/sites\/v\/vestreg.no\/files\/6471.jpg","width":500,"height":332,"aspectRatio":1.5060240963855422},"previewImageUrl":"\/sites\/v\/vestreg.no\/files\/6471.jpg?cropToFit=100x59&quality=50","imageVariants":[{"path":"\/sites\/v\/vestreg.no\/files\/6471.jpg?cropToFit=100x59&quality=75","width":100,"height":59,"aspectRatio":1.694915254237288},{"path":"\/sites\/v\/vestreg.no\/files\/6471.jpg?cropToFit=200x118&quality=75","width":200,"height":118,"aspectRatio":1.694915254237288},{"path":"\/sites\/v\/vestreg.no\/files\/6471.jpg?cropToFit=400x235&quality=75","width":400,"height":235,"aspectRatio":1.702127659574468},{"path":"\/sites\/v\/vestreg.no\/files\/6471.jpg?cropToFit=600x353&quality=75","width":500,"height":294,"aspectRatio":1.7006802721088434},{"path":"\/sites\/v\/vestreg.no\/files\/6471.jpg?cropToFit=800x471&quality=75","width":500,"height":294,"aspectRatio":1.7006802721088434},{"path":"\/sites\/v\/vestreg.no\/files\/6471.jpg?cropToFit=1000x588&quality=75","width":500,"height":294,"aspectRatio":1.7006802721088434},{"path":"\/sites\/v\/vestreg.no\/files\/6471.jpg?cropToFit=1200x706&quality=75","width":500,"height":294,"aspectRatio":1.7006802721088434}],"image":"\/sites\/v\/vestreg.no\/files\/6471.jpg","aspect":1.694915254237288,"type":"image","description":null},"additionalData":[]},{"classes":["outercol"],"isFavourite":false,"isExternalUrl":{"articleLink":false},"articleListButtonsData":{"buttonsList":[{"label":"Les mer","url":"\/?id=1945427304","type":"readmore"}],"mode":"default"},"favouriteType":null,"mnu":null,"section":null,"displayId":true,"docId":152,"identifier":"152Article","docType":"Article","customDate":false,"teaserData":{"teaserText":"","mode":"default"},"content":{"teaser":"","intro":""},"titles":{"main":"Dokumenter","readMoreButton":"Les mer"},"urls":{"readMore":"\/?id=1945427304","booking":null},"created":{"date":"22.12.2016","time":"09:46","timestamp":1482396360},"introAllowHtml":false,"hasTicket":false,"extra":null,"hasReadMore":true,"media":{"imageData":{"path":"\/sites\/v\/vestreg.no\/files\/6516.jpg","width":500,"height":332,"aspectRatio":1.5060240963855422},"previewImageUrl":"\/sites\/v\/vestreg.no\/files\/6516.jpg?cropToFit=100x59&quality=50","imageVariants":[{"path":"\/sites\/v\/vestreg.no\/files\/6516.jpg?cropToFit=100x59&quality=75","width":100,"height":59,"aspectRatio":1.694915254237288},{"path":"\/sites\/v\/vestreg.no\/files\/6516.jpg?cropToFit=200x118&quality=75","width":200,"height":118,"aspectRatio":1.694915254237288},{"path":"\/sites\/v\/vestreg.no\/files\/6516.jpg?cropToFit=400x235&quality=75","width":400,"height":235,"aspectRatio":1.702127659574468},{"path":"\/sites\/v\/vestreg.no\/files\/6516.jpg?cropToFit=600x353&quality=75","width":500,"height":294,"aspectRatio":1.7006802721088434},{"path":"\/sites\/v\/vestreg.no\/files\/6516.jpg?cropToFit=800x471&quality=75","width":500,"height":294,"aspectRatio":1.7006802721088434},{"path":"\/sites\/v\/vestreg.no\/files\/6516.jpg?cropToFit=1000x588&quality=75","width":500,"height":294,"aspectRatio":1.7006802721088434},{"path":"\/sites\/v\/vestreg.no\/files\/6516.jpg?cropToFit=1200x706&quality=75","width":500,"height":294,"aspectRatio":1.7006802721088434}],"image":"\/sites\/v\/vestreg.no\/files\/6516.jpg","aspect":1.694915254237288,"type":"image","description":null},"additionalData":[]}],"pages":[1],"currentPage":1,"sections":[]}